{"id":25566,"date":"2025-03-06T10:45:43","date_gmt":"2025-03-06T10:45:43","guid":{"rendered":"https:\/\/feda.org\/feda2k16\/?page_id=25566"},"modified":"2026-02-02T10:31:27","modified_gmt":"2026-02-02T10:31:27","slug":"calendario-feda-2025","status":"publish","type":"page","link":"https:\/\/feda.org\/feda2k16\/calendario-feda-2025\/","title":{"rendered":"Calendario FEDA 2025"},"content":{"rendered":"<ul>\n<li>\n<h3>2026<\/h3>\n<div>\n<p><b>Calendario FEDA 2026<\/b><\/p>\n<p><b>Aprobado por la Asamblea General 31-01-2026<\/b><\/p>\n<p>                    <!-- ===================== ESTATAL ===================== --><\/p>\n<table class=\"tabla_calendario\" cellspacing=\"0\" cellpadding=\"0\">\n<tbody>\n<tr>\n<td colspan=\"4\"><b>ESTATAL<\/b><\/td>\n<\/tr>\n<tr>\n<td><b>DESCRIPCI\u00d3N<\/b><\/td>\n<td><b>LUGAR<\/b><\/td>\n<td><b>INICIO<\/b><\/td>\n<td><b>FINAL<\/b><\/td>\n<\/tr>\n<tr>\n<td><b>ASAMBLEA GENERAL EXTRAORDINARIA<\/b><\/td>\n<td>ONLINE<\/td>\n<td>31\/01\/2026<\/td>\n<td>31\/01\/2026<\/td>\n<\/tr>\n<tr>\n<td><b>CURSO Y EXAMEN \u00c1RBITROS FEDA<\/b><\/td>\n<td>ONLINE\/PRESENCIAL<\/td>\n<td>02\/03\/2026<\/td>\n<td>18\/04\/2026<\/td>\n<\/tr>\n<tr>\n<td><b>SEMINARIO ARBITRAL FEDA<\/b><\/td>\n<td>VALLADOLID (CTL)<\/td>\n<td>10\/04\/2026<\/td>\n<td>12\/04\/2026<\/td>\n<\/tr>\n<tr>\n<td><b>CTO ESPA\u00d1A CENTROS ESCOLARES<\/b><\/td>\n<td>GUARDAMAR DEL SEGURA (VAL)<\/td>\n<td>24\/04\/2026<\/td>\n<td>26\/04\/2026<\/td>\n<\/tr>\n<tr>\n<td><b>ASAMBLEA GENERAL ORDINARIA<\/b><\/td>\n<td>MADRID \/ ONLINE<\/td>\n<td>28\/06\/2026<\/td>\n<td>28\/06\/2026<\/td>\n<\/tr>\n<tr>\n<td><b>CESA 2026<\/b><\/td>\n<td>PADR\u00d3N (GAL)<\/td>\n<td>29\/06\/2026<\/td>\n<td>03\/07\/2026<\/td>\n<\/tr>\n<tr>\n<td><b>CTO ESPA\u00d1A INDIV SUB-8<\/b><\/td>\n<td>V\u00cdCAR (AND)<\/td>\n<td>02\/07\/2026<\/td>\n<td>06\/07\/2026<\/td>\n<\/tr>\n<tr>\n<td><b>CTO ESPA\u00d1A INDIV SUB-10<\/b><\/td>\n<td>V\u00cdCAR (AND)<\/td>\n<td>07\/07\/2026<\/td>\n<td>12\/07\/2026<\/td>\n<\/tr>\n<tr>\n<td><b>CTO ESPA\u00d1A INDIV SUB-12<\/b><\/td>\n<td>V\u00cdCAR (AND)<\/td>\n<td>13\/07\/2026<\/td>\n<td>18\/07\/2026<\/td>\n<\/tr>\n<tr>\n<td><b>CTO ESPA\u00d1A INDIV SUB-14<\/b><\/td>\n<td>V\u00cdCAR (AND)<\/td>\n<td>19\/07\/2026<\/td>\n<td>24\/07\/2026<\/td>\n<\/tr>\n<tr>\n<td><b>CTO ESPA\u00d1A INDIV SUB-16<\/b><\/td>\n<td>V\u00cdCAR (AND)<\/td>\n<td>25\/07\/2026<\/td>\n<td>30\/07\/2026<\/td>\n<\/tr>\n<tr>\n<td><b>CTO ESPA\u00d1A R\u00c1PIDO SUB-8\/18<\/b><\/td>\n<td>TORRE PACHECO (MUR)<\/td>\n<td>01\/08\/2026<\/td>\n<td>02\/08\/2026<\/td>\n<\/tr>\n<tr>\n<td><b>CTO ESPA\u00d1A JUVENIL SUB-18<\/b><\/td>\n<td>CIUDAD REAL (CTM)*<\/td>\n<td>03\/08\/2026<\/td>\n<td>08\/08\/2026<\/td>\n<\/tr>\n<tr>\n<td><b>CECLUB SEGUNDA DIVISI\u00d3N NORTE<\/b><\/td>\n<td>OVIEDO (AST)<\/td>\n<td>10\/08\/2026<\/td>\n<td>13\/08\/2026<\/td>\n<\/tr>\n<tr>\n<td><b>CECLUB SEGUNDA DIVISI\u00d3N SUR<\/b><\/td>\n<td>LINARES (AND)<\/td>\n<td>11\/08\/2026<\/td>\n<td>14\/08\/2026<\/td>\n<\/tr>\n<tr>\n<td><b>CTO ESPA\u00d1A INDIVIDUAL REL\u00c1MPAGO ABS<\/b><\/td>\n<td>MENG\u00cdBAR (AND)*<\/td>\n<td>15\/08\/2026<\/td>\n<td>15\/08\/2026<\/td>\n<\/tr>\n<tr>\n<td><b>CTO ESPA\u00d1A INDIVIDUAL R\u00c1PIDO ABS<\/b><\/td>\n<td>MENG\u00cdBAR (AND)*<\/td>\n<td>16\/08\/2026<\/td>\n<td>16\/08\/2026<\/td>\n<\/tr>\n<tr>\n<td><b>CTO ESPA\u00d1A INDIVIDUAL ABSOLUTO<\/b><\/td>\n<td>LINARES (AND)<\/td>\n<td>17\/08\/2026<\/td>\n<td>25\/08\/2026<\/td>\n<\/tr>\n<tr>\n<td><b>CECLUB PRIMERA DIVISI\u00d3N<\/b><\/td>\n<td>LINARES (AND)<\/td>\n<td>27\/08\/2026<\/td>\n<td>02\/09\/2026<\/td>\n<\/tr>\n<tr>\n<td><b>CTO ESPA\u00d1A INDIV TRAMOS 1700-2000-2300<\/b><\/td>\n<td>HOZNAYO (CNT)<\/td>\n<td>30\/08\/2026<\/td>\n<td>04\/09\/2026<\/td>\n<\/tr>\n<tr>\n<td><b>CTO ESPA\u00d1A INDIVIDUAL INCLUSIVO<\/b><\/td>\n<td>MADRID* (octubre 2026)<\/td>\n<td>01\/10\/2026<\/td>\n<td>31\/10\/2026<\/td>\n<\/tr>\n<tr>\n<td><b>CTO ESPA\u00d1A INDIVIDUAL VETERANOS<\/b><\/td>\n<td>ROQUETAS DE MAR (AND)<\/td>\n<td>02\/10\/2026<\/td>\n<td>10\/10\/2026<\/td>\n<\/tr>\n<tr>\n<td><b>CTO ESPA\u00d1A RAPIDO POR EQUIPOS<\/b><\/td>\n<td>ALBACETE (CTM)<\/td>\n<td>11\/10\/2026<\/td>\n<td>12\/10\/2026<\/td>\n<\/tr>\n<tr>\n<td><b>COPA DE ESPA\u00d1A EQUIPOS SUB-18*<\/b><\/td>\n<td>A.D. (entre 19\/10 y 31\/12)<\/td>\n<td>19\/10\/2026<\/td>\n<td>31\/12\/2026<\/td>\n<\/tr>\n<tr>\n<td><b>COPA DE ESPA\u00d1A EQUIPOS SUB-14*<\/b><\/td>\n<td>A.D. (entre 19\/10 y 31\/12)<\/td>\n<td>19\/10\/2026<\/td>\n<td>31\/12\/2026<\/td>\n<\/tr>\n<tr>\n<td><b>CECLUB DIVISI\u00d3N DE HONOR<\/b><\/td>\n<td>MARBELLA (AND)<\/td>\n<td>20\/11\/2026<\/td>\n<td>26\/11\/2026<\/td>\n<\/tr>\n<tr>\n<td><b>CTO ESPA\u00d1A PAREJAS MIXTAS REL\u00c1MPAGO<\/b><\/td>\n<td>A.D.<\/td>\n<td><\/td>\n<td><\/td>\n<\/tr>\n<tr>\n<td><b>CTO ESPA\u00d1A PAREJAS MIXTAS R\u00c1PIDO<\/b><\/td>\n<td>A.D.<\/td>\n<td><\/td>\n<td><\/td>\n<\/tr>\n<\/tbody>\n<\/table>\n<p>(*) Sede y\/o fechas pendientes de confirmaci\u00f3n definitiva<\/p>\n<p>Las fechas indican los d\u00edas de juego.<\/p>\n<p>                    <!-- ===================== INTERNACIONAL ===================== --><\/p>\n<table class=\"tabla_calendario\" cellspacing=\"0\" cellpadding=\"0\">\n<tbody>\n<tr>\n<td colspan=\"4\"><b>INTERNACIONAL<\/b><\/td>\n<\/tr>\n<tr>\n<td><b>DESCRIPCI\u00d3N<\/b><\/td>\n<td><b>LUGAR<\/b><\/td>\n<td><b>INICIO<\/b><\/td>\n<td><b>FINAL<\/b><\/td>\n<\/tr>\n<tr>\n<td><b>CTO EUROPA IND R\u00c1P Y REL\u00c1MP FEM 2025<\/b><\/td>\n<td>M\u00d3NACO (MON)<\/td>\n<td>08\/01\/2026<\/td>\n<td>12\/01\/2026<\/td>\n<\/tr>\n<tr>\n<td><b>CTO EUROPA INDIV ABSOLUTO<\/b><\/td>\n<td>KATOWICE (POL)<\/td>\n<td>07\/04\/2026<\/td>\n<td>19\/04\/2026<\/td>\n<\/tr>\n<tr>\n<td><b>CTO MUNDO IND R\u00c1PIDO Y REL\u00c1MP SUB-8-18<\/b><\/td>\n<td>BANJA (SRB)<\/td>\n<td>14\/04\/2026<\/td>\n<td>21\/04\/2026<\/td>\n<\/tr>\n<tr>\n<td><b>CTO EUROPA INDIV FEMENINO<\/b><\/td>\n<td>BATUMI (GEO)<\/td>\n<td>24\/05\/2026<\/td>\n<td>06\/06\/2026<\/td>\n<\/tr>\n<tr>\n<td><b>CTO EUROPA VETERANOS<\/b><\/td>\n<td>AQUI TERME (ITA)<\/td>\n<td>01\/06\/2026<\/td>\n<td>11\/06\/2026<\/td>\n<\/tr>\n<tr>\n<td><b>CTO MUNDO IND SUB-14-18<\/b><\/td>\n<td>MONTESILVANO (ITA)<\/td>\n<td>14\/06\/2026<\/td>\n<td>27\/06\/2026<\/td>\n<\/tr>\n<tr>\n<td><b>COPA DEL MUNDO INDIV SUB-8 A SUB-12<\/b><\/td>\n<td>BATUMI (GEO)<\/td>\n<td>15\/06\/2026<\/td>\n<td>28\/06\/2028<\/td>\n<\/tr>\n<tr>\n<td><b>CTO EUROPA IND R\u00c1P Y REL\u00c1MP SUB-8-18<\/b><\/td>\n<td>RZESZOW (POL)<\/td>\n<td>06\/07\/2026<\/td>\n<td>10\/07\/2026<\/td>\n<\/tr>\n<tr>\n<td><b>CTO MUNDO SELECCIONES \u2013 OLIMPIADA ABS<\/b><\/td>\n<td>SAMARKANDA (UZB)<\/td>\n<td>15\/09\/2026<\/td>\n<td>28\/09\/2026<\/td>\n<\/tr>\n<tr>\n<td><b>CTO MUNDO SELECCIONES \u2013 OLIMPIADA FEM<\/b><\/td>\n<td>SAMARKANDA (UZB)<\/td>\n<td>15\/09\/2026<\/td>\n<td>28\/09\/2026<\/td>\n<\/tr>\n<tr>\n<td><b>CTO MUNDO SUB-20*<\/b><\/td>\n<td>LIMA (PER)*<\/td>\n<td>01\/10\/2026<\/td>\n<td>14\/10\/2026<\/td>\n<\/tr>\n<tr>\n<td><b>CTO MUNDO AMATEUR 2300-2000-1700<\/b><\/td>\n<td>A.D.<\/td>\n<td>A.D.<\/td>\n<td>A.D.<\/td>\n<\/tr>\n<tr>\n<td><b>COPA DE EUROPA DE CLUBS ABS<\/b><\/td>\n<td>BUDVA (MON)<\/td>\n<td>16\/10\/2026<\/td>\n<td>24\/10\/2026<\/td>\n<\/tr>\n<tr>\n<td><b>COPA DE EUROPA DE CLUBS FEM<\/b><\/td>\n<td>BUDVA (MON)<\/td>\n<td>16\/10\/2026<\/td>\n<td>24\/10\/2026<\/td>\n<\/tr>\n<tr>\n<td><b>CTO MUNDO INDIV SUB-7\/SUB-17<\/b><\/td>\n<td>FOR DO IQUACU (BRA)<\/td>\n<td>20\/10\/2026<\/td>\n<td>05\/11\/2026<\/td>\n<\/tr>\n<tr>\n<td><b>CTO EUROPA INDIV SUB 8\/SUB-18<\/b><\/td>\n<td>RODAS (GRE)<\/td>\n<td>02\/11\/2026<\/td>\n<td>13\/11\/2026<\/td>\n<\/tr>\n<tr>\n<td><b>CTO MUNDO VETERANOS<\/b><\/td>\n<td>BANJA (SRB)<\/td>\n<td>02\/11\/2026<\/td>\n<td>15\/11\/2026<\/td>\n<\/tr>\n<tr>\n<td><b>CTO MUNDO IND SUB 8-12*<\/b><\/td>\n<td>BATUMI (GEO)<\/td>\n<td>10\/11\/2026<\/td>\n<td>17\/11\/2026<\/td>\n<\/tr>\n<tr>\n<td><b>CTO EUROPA IND R\u00c1P Y REL\u00c1MP ABS*<\/b><\/td>\n<td>A.D.<\/td>\n<td>01\/12\/2026<\/td>\n<td>06\/12\/2026<\/td>\n<\/tr>\n<tr>\n<td><b>CTO MUNDO INDIV R\u00c1P Y RELAMP ABS*<\/b><\/td>\n<td>A.D.<\/td>\n<td>25\/12\/2026<\/td>\n<td>31\/12\/2026<\/td>\n<\/tr>\n<tr>\n<td><b>CTO IBEROAMERICANO ABSOLUTO*<\/b><\/td>\n<td>A.D.<\/td>\n<td><\/td>\n<td><\/td>\n<\/tr>\n<\/tbody>\n<\/table>\n<p>(*) Sede y\/o fechas pendientes de confirmaci\u00f3n definitiva<\/p>\n<p>Las fechas indican los d\u00edas de llegada y regreso.<\/p>\n<\/div>\n<\/li>\n<li>\n<h3> 2025<\/h3>\n<div>\n<p><span><b>Calendario FEDA 2025. Actualizaci\u00f3n<\/b><\/span><\/p>\n<table class=\"tabla_calendario\" cellspacing=\"0\" cellpadding=\"0\">\n<tbody>\n<tr>\n<td colspan=\"4\" valign=\"top\">\n<p><b>ESTATAL<\/b><b><\/b><\/p>\n<\/td>\n<\/tr>\n<tr>\n<td valign=\"top\">\n<p><b>DESCRIPCI\u00d3N<\/b><b><\/b><\/p>\n<\/td>\n<td valign=\"top\">\n<p><b>LUGAR<\/b><b><\/b><\/p>\n<\/td>\n<td valign=\"top\">\n<p><b>INICIO<\/b><b><\/b><\/p>\n<\/td>\n<td valign=\"top\">\n<p><b>FINAL<\/b><b><\/b><\/p>\n<\/td>\n<\/tr>\n<tr>\n<td valign=\"top\">\n<p><b>CE EQUIPOS CENTROS ESCOLARES<\/b><b><\/b><\/p>\n<\/td>\n<td valign=\"top\">\n<p>GUARDAMAR DEL SEGURA (Alicante)<\/p>\n<\/td>\n<td valign=\"top\">\n<p>25\/04\/2025<\/p>\n<\/td>\n<td valign=\"top\">\n<p>27\/04\/2025<\/p>\n<\/td>\n<\/tr>\n<tr>\n<td valign=\"top\">\n<p><b>CONCENTRACI\u00d3N ELITE SUB-8 A SUB-12<\/b><b><\/b><\/p>\n<\/td>\n<td valign=\"top\">\n<p>MELILLA<\/p>\n<\/td>\n<td valign=\"top\">\n<p>30\/04\/2025<\/p>\n<\/td>\n<td valign=\"top\">\n<p>05\/05\/2025<\/p>\n<\/td>\n<\/tr>\n<tr>\n<td valign=\"top\">\n<p><b>CURSO Y EXAMEN \u00c1RBITROS FEDA<\/b><b><\/b><\/p>\n<\/td>\n<td valign=\"top\">\n<p>ONLINE<\/p>\n<\/td>\n<td valign=\"top\">\n<p>07\/05\/2025<\/p>\n<\/td>\n<td valign=\"top\">\n<p>28\/06\/2025<\/p>\n<\/td>\n<\/tr>\n<tr>\n<td valign=\"top\">\n<p><b>SEMINARIO ARBITRAL FEDA<\/b><b><\/b><\/p>\n<\/td>\n<td valign=\"top\">\n<p>Albacete (CTM)<\/p>\n<\/td>\n<td valign=\"top\">\n<p>31\/05\/2025<\/p>\n<\/td>\n<td valign=\"top\">\n<p>01\/06\/2025<\/p>\n<\/td>\n<\/tr>\n<tr>\n<td valign=\"top\">\n<p><b>ASAMBLEA GENERAL ORDINARIA<\/b><b><\/b><\/p>\n<\/td>\n<td valign=\"top\">\n<p>ONLINE<\/p>\n<\/td>\n<td valign=\"top\">\n<p>15\/06\/2025<\/p>\n<\/td>\n<td valign=\"top\">\n<p>15\/06\/2025<\/p>\n<\/td>\n<\/tr>\n<tr>\n<td valign=\"top\">\n<p><b>CE SELECC AUTON\u00d3MICAS EDAD ESCOLAR<\/b><b><\/b><\/p>\n<\/td>\n<td valign=\"top\">\n<p>ZARAGOZA<\/p>\n<\/td>\n<td valign=\"top\">\n<p>19\/06\/2025<\/p>\n<\/td>\n<td valign=\"top\">\n<p>22\/06\/2025<\/p>\n<\/td>\n<\/tr>\n<tr>\n<td valign=\"top\">\n<p><b>CE INDIVIDUAL SUB-8<\/b><b><\/b><\/p>\n<\/td>\n<td valign=\"top\">\n<p>V\u00cdCAR (Almer\u00eda)<\/p>\n<\/td>\n<td valign=\"top\">\n<p>27\/06\/2025<\/p>\n<\/td>\n<td valign=\"top\">\n<p>01\/07\/2025<\/p>\n<\/td>\n<\/tr>\n<tr>\n<td valign=\"top\">\n<p><b>CE INDIVIDUAL SUB-10<\/b><b><\/b><\/p>\n<\/td>\n<td valign=\"top\">\n<p>V\u00cdCAR (Almer\u00eda)<\/p>\n<\/td>\n<td valign=\"top\">\n<p>02\/07\/2025<\/p>\n<\/td>\n<td valign=\"top\">\n<p>07\/07\/2025<\/p>\n<\/td>\n<\/tr>\n<tr>\n<td valign=\"top\">\n<p><b>CE INDIVIDUAL SUB-12<\/b><b><\/b><\/p>\n<\/td>\n<td valign=\"top\">\n<p>V\u00cdCAR (Almer\u00eda)<\/p>\n<\/td>\n<td valign=\"top\">\n<p>08\/07\/2025<\/p>\n<\/td>\n<td valign=\"top\">\n<p>13\/07\/2025<\/p>\n<\/td>\n<\/tr>\n<tr>\n<td valign=\"top\">\n<p><b>CE INDIVIDUAL SUB-14<\/b><b><\/b><\/p>\n<\/td>\n<td valign=\"top\">\n<p>V\u00cdCAR (Almer\u00eda)<\/p>\n<\/td>\n<td valign=\"top\">\n<p>14\/07\/2025<\/p>\n<\/td>\n<td valign=\"top\">\n<p>19\/07\/2025<\/p>\n<\/td>\n<\/tr>\n<tr>\n<td valign=\"top\">\n<p><b>CE INDIVIDUAL SUB-16<\/b><b><\/b><\/p>\n<\/td>\n<td valign=\"top\">\n<p>V\u00cdCAR (Almer\u00eda)<\/p>\n<\/td>\n<td valign=\"top\">\n<p>20\/07\/2025<\/p>\n<\/td>\n<td valign=\"top\">\n<p>25\/07\/2025<\/p>\n<\/td>\n<\/tr>\n<tr>\n<td valign=\"top\">\n<p><b>CE INDIVIDUAL R\u00c1PIDO SUB-10 A SUB-18<\/b><b><\/b><\/p>\n<\/td>\n<td valign=\"top\">\n<p>DON BENITO (Badajoz)<\/p>\n<\/td>\n<td valign=\"top\">\n<p>26\/07\/2025<\/p>\n<\/td>\n<td valign=\"top\">\n<p>27\/07\/2025<\/p>\n<\/td>\n<\/tr>\n<tr>\n<td valign=\"top\">\n<p><b>CE EQUIPOS DIVISI\u00d3N DE HONOR &#8211; CECLUB DH<\/b><b><\/b><\/p>\n<\/td>\n<td valign=\"top\">\n<p>LINARES (Ja\u00e9n)<\/p>\n<\/td>\n<td valign=\"top\">\n<p>08\/08\/2025<\/p>\n<\/td>\n<td valign=\"top\">\n<p>14\/08\/2025<\/p>\n<\/td>\n<\/tr>\n<tr>\n<td valign=\"top\">\n<p><b>CE EQUIPOS PRIMERA DIVISI\u00d3N &#8211; CECLUB 1D<\/b><b><\/b><\/p>\n<\/td>\n<td valign=\"top\">\n<p>LINARES (Ja\u00e9n)<\/p>\n<\/td>\n<td valign=\"top\">\n<p>08\/08\/2025<\/p>\n<\/td>\n<td valign=\"top\">\n<p>14\/08\/2025<\/p>\n<\/td>\n<\/tr>\n<tr>\n<td valign=\"top\">\n<p><b>CE INDIVIDUAL AJEDREZ REL\u00c1MPAGO<\/b><b><\/b><\/p>\n<\/td>\n<td valign=\"top\">\n<p>MENG\u00cdBAR (Ja\u00e9n)<\/p>\n<\/td>\n<td valign=\"top\">\n<p>15\/08\/2025<\/p>\n<\/td>\n<td valign=\"top\">\n<p>15\/08\/2025<\/p>\n<\/td>\n<\/tr>\n<tr>\n<td valign=\"top\">\n<p><b>CE INDIVIDUAL AJEDREZ R\u00c1PIDO<\/b><b><\/b><\/p>\n<\/td>\n<td valign=\"top\">\n<p>MENG\u00cdBAR (Ja\u00e9n)<\/p>\n<\/td>\n<td valign=\"top\">\n<p>16\/08\/2025<\/p>\n<\/td>\n<td valign=\"top\">\n<p>16\/08\/2025<\/p>\n<\/td>\n<\/tr>\n<tr>\n<td valign=\"top\">\n<p><b>CE EQUIPOS SEGUNDA DIVISI\u00d3N NORTE &#8211; CECLUB 2DN<\/b><b><\/b><\/p>\n<\/td>\n<td valign=\"top\">\n<p>SABADELL (Barcelona)<\/p>\n<\/td>\n<td valign=\"top\">\n<p>18\/08\/2025<\/p>\n<\/td>\n<td valign=\"top\">\n<p>21\/08\/2025<\/p>\n<\/td>\n<\/tr>\n<tr>\n<td valign=\"top\">\n<p><b>CE SEGUNDA DIVISI\u00d3N SUR &#8211; CECLUB 2DS<\/b><b><\/b><\/p>\n<\/td>\n<td valign=\"top\">\n<p>LINARES (Ja\u00e9n)<\/p>\n<\/td>\n<td valign=\"top\">\n<p>18\/08\/2025<\/p>\n<\/td>\n<td valign=\"top\">\n<p>21\/08\/2025<\/p>\n<\/td>\n<\/tr>\n<tr>\n<td valign=\"top\">\n<p><b>CE INDIVIDUAL JUVENIL (SUB-18)<\/b><b><\/b><\/p>\n<\/td>\n<td valign=\"top\">\n<p>\u00daBEDA (Ja\u00e9n)<\/p>\n<\/td>\n<td valign=\"top\">\n<p>23\/08\/2025<\/p>\n<\/td>\n<td valign=\"top\">\n<p>28\/08\/2025<\/p>\n<\/td>\n<\/tr>\n<tr>\n<td valign=\"top\">\n<p><b>CE TRAMOS ELO -1700 -2000 &#8211; 2300<\/b><b><\/b><\/p>\n<\/td>\n<td valign=\"top\">\n<p>HOZNAYO (Cantabria)<\/p>\n<\/td>\n<td valign=\"top\">\n<p>05\/09\/2025<\/p>\n<\/td>\n<td valign=\"top\">\n<p>11\/09\/2025<\/p>\n<\/td>\n<\/tr>\n<tr>\n<td valign=\"top\">\n<p><b>CONCENTRACI\u00d3N ELITE SUB-14 A SUB-18<\/b><b><\/b><\/p>\n<\/td>\n<td valign=\"top\">\n<p>LINARES (Ja\u00e9n)<\/p>\n<\/td>\n<td valign=\"top\">\n<p>12\/09\/2025<\/p>\n<\/td>\n<td valign=\"top\">\n<p>15\/09\/2025<\/p>\n<\/td>\n<\/tr>\n<tr>\n<td valign=\"top\">\n<p><b>CE EQUIPOS R\u00c1PIDO<\/b><b><\/b><\/p>\n<\/td>\n<td valign=\"top\">\n<p>ZAFRA (Badajoz)<\/p>\n<\/td>\n<td valign=\"top\">\n<p>20\/09\/2025<\/p>\n<\/td>\n<td valign=\"top\">\n<p>20\/09\/2025<\/p>\n<\/td>\n<\/tr>\n<tr>\n<td valign=\"top\">\n<p><b>CE INDIVIDUAL AJEDREZ INCLUSIVO<\/b><b><\/b><\/p>\n<\/td>\n<td valign=\"top\">\n<p>MONZ\u00d3N (Huesca)<\/p>\n<\/td>\n<td valign=\"top\">\n<p>26\/09\/2025<\/p>\n<\/td>\n<td valign=\"top\">\n<p>28\/09\/2025<\/p>\n<\/td>\n<\/tr>\n<tr>\n<td valign=\"top\">\n<p><b>CE INDIVIDUAL VETERANOS 50+ Y 65+<\/b><b><\/b><\/p>\n<\/td>\n<td valign=\"top\">\n<p>CAMBRILS (Tarragona)<\/p>\n<\/td>\n<td valign=\"top\">\n<p>08\/11\/2025<\/p>\n<\/td>\n<td valign=\"top\">\n<p>16\/11\/2025<\/p>\n<\/td>\n<\/tr>\n<tr>\n<td valign=\"top\">\n<p><b>CE PAREJAS MIXTAS REL\u00c1MPAGO<\/b><b><\/b><\/p>\n<\/td>\n<td valign=\"top\">\n<p>BENIDORM (Alicante)<\/p>\n<\/td>\n<td valign=\"top\">\n<p>05\/12\/2025<\/p>\n<\/td>\n<td valign=\"top\">\n<p>05\/12\/2025<\/p>\n<\/td>\n<\/tr>\n<tr>\n<td valign=\"top\">\n<p><b>CE INDIVIDUAL ABSOLUTO<\/b><b><\/b><\/p>\n<\/td>\n<td valign=\"top\">\n<p>MARBELLA (M\u00e1laga)<\/p>\n<\/td>\n<td valign=\"top\">\n<p>11\/12\/2025<\/p>\n<\/td>\n<td valign=\"top\">\n<p>19\/12\/2025<\/p>\n<\/td>\n<\/tr>\n<tr>\n<td valign=\"top\">\n<p><b>ASAMBLEA GENERAL EXTRAORDINARIA<\/b><b><\/b><\/p>\n<\/td>\n<td valign=\"top\">\n<p>ONLINE<\/p>\n<\/td>\n<td valign=\"top\">\n<p>21\/12\/2025<\/p>\n<\/td>\n<td valign=\"top\">\n<p>21\/12\/2025<\/p>\n<\/td>\n<\/tr>\n<tr>\n<td valign=\"top\">\n<p><b>CE PAREJAS MIXTAS R\u00c1PIDO<\/b><b><\/b><\/p>\n<\/td>\n<td valign=\"top\">\n<p>SITGES (Barcelona)<\/p>\n<\/td>\n<td valign=\"top\">\n<p>A determinar<\/p>\n<\/td>\n<td valign=\"top\">\n<p>A determinar<\/p>\n<\/td>\n<\/tr>\n<\/tbody>\n<\/table>\n<p>Notas:<span class=\"Apple-converted-space\">\u00a0<\/span><\/p>\n<p>Las fechas indican los d\u00edas de juego<\/p>\n<p>Las fechas son las previstas el d\u00eda de la publicaci\u00f3n del Calendario. Ser\u00e1n oficiales solamente cuando se publique la convocatoria.<\/p>\n<p>EL Calendario se actualizar\u00e1 peri\u00f3dicamente en la p\u00e1gina Web de la FEDA, sin publicaci\u00f3n de circulares posteriores.<span><\/span><\/p>\n<table class=\"tabla_calendario\" cellspacing=\"0\" cellpadding=\"0\">\n<tbody>\n<tr>\n<td colspan=\"4\" valign=\"top\">\n<p><b>INTERNACIONAL<\/b><b><\/b><\/p>\n<\/td>\n<\/tr>\n<tr>\n<td valign=\"top\">\n<p><b>DESCRIPCI\u00d3N<\/b><b><\/b><\/p>\n<\/td>\n<td valign=\"top\">\n<p><b>LUGAR<\/b><b><\/b><\/p>\n<\/td>\n<td valign=\"top\">\n<p><b>INICIO<\/b><b><\/b><\/p>\n<\/td>\n<td valign=\"top\">\n<p><b>FINAL<\/b><b><\/b><\/p>\n<\/td>\n<\/tr>\n<tr>\n<td valign=\"top\">\n<p><b>EUR INDIVIDUAL R\u00c1P Y REL\u00c1MP FEMENINO<\/b><b><\/b><\/p>\n<\/td>\n<td valign=\"top\">\n<p>M\u00d3NACO<\/p>\n<\/td>\n<td valign=\"top\">\n<p>09\/01\/2025<\/p>\n<\/td>\n<td valign=\"top\">\n<p>13\/01\/2025<\/p>\n<\/td>\n<\/tr>\n<tr>\n<td valign=\"top\">\n<p><b>MUN FIDE GRAND PRIX FEMENINO<\/b><b><\/b><\/p>\n<\/td>\n<td valign=\"top\">\n<p>M\u00d3NACO<\/p>\n<\/td>\n<td valign=\"top\">\n<p>17\/02\/2025<\/p>\n<\/td>\n<td valign=\"top\">\n<p>28\/02\/2025<\/p>\n<\/td>\n<\/tr>\n<tr>\n<td valign=\"top\">\n<p><b>EUR INDIVIDUAL ABSOLUTO<\/b><b><\/b><\/p>\n<\/td>\n<td valign=\"top\">\n<p>EFORIE-NORD (Ruman\u00eda)<\/p>\n<\/td>\n<td valign=\"top\">\n<p>14\/03\/2025<\/p>\n<\/td>\n<td valign=\"top\">\n<p>27\/03\/2025<\/p>\n<\/td>\n<\/tr>\n<tr>\n<td valign=\"top\">\n<p><b>MUN FIDE GRAND PRIX FEMENINO<\/b><b><\/b><\/p>\n<\/td>\n<td valign=\"top\">\n<p>INDIA<\/p>\n<\/td>\n<td valign=\"top\">\n<p>13\/04\/2025<\/p>\n<\/td>\n<td valign=\"top\">\n<p>24\/04\/2025<\/p>\n<\/td>\n<\/tr>\n<tr>\n<td valign=\"top\">\n<p><b>MUN INDIVIDUAL ESCOLAR<\/b><b><\/b><\/p>\n<\/td>\n<td valign=\"top\">\n<p>VRNJACKA BANJA (Serbia)<\/p>\n<\/td>\n<td valign=\"top\">\n<p>19\/03\/2025<\/p>\n<\/td>\n<td valign=\"top\">\n<p>29\/03\/2025<\/p>\n<\/td>\n<\/tr>\n<tr>\n<td valign=\"top\">\n<p><b>EUR INDIVIDUAL FEMENINO<\/b><b><\/b><\/p>\n<\/td>\n<td valign=\"top\">\n<p>RODAS (Grecia)<\/p>\n<\/td>\n<td valign=\"top\">\n<p>30\/03\/2025<\/p>\n<\/td>\n<td valign=\"top\">\n<p>12\/04\/2025<\/p>\n<\/td>\n<\/tr>\n<tr>\n<td valign=\"top\">\n<p><b>MUN INDIVIDUAL R\u00c1P Y REL\u00c1MP SUB-8 A SUB-18<\/b><b><\/b><\/p>\n<\/td>\n<td valign=\"top\">\n<p>RODAS (Grecia)<\/p>\n<\/td>\n<td valign=\"top\">\n<p>12\/04\/2025<\/p>\n<\/td>\n<td valign=\"top\">\n<p>18\/04\/2025<\/p>\n<\/td>\n<\/tr>\n<tr>\n<td valign=\"top\">\n<p><b>MUN COPA DEL MUNDO INDIV SUB-12<\/b><b><\/b><\/p>\n<\/td>\n<td valign=\"top\">\n<p>BATUMI (Georgia)<\/p>\n<\/td>\n<td valign=\"top\">\n<p>22\/06\/2025<\/p>\n<\/td>\n<td valign=\"top\">\n<p>03\/07\/2025<\/p>\n<\/td>\n<\/tr>\n<tr>\n<td valign=\"top\">\n<p><b>MUN COPA DEL MUNDO INDVIDUAL FEMENINA<\/b><b><\/b><\/p>\n<\/td>\n<td valign=\"top\">\n<p>BATUMI (Georgia)<\/p>\n<\/td>\n<td valign=\"top\">\n<p>05\/07\/2025<\/p>\n<\/td>\n<td valign=\"top\">\n<p>29\/07\/2025<\/p>\n<\/td>\n<\/tr>\n<tr>\n<td valign=\"top\">\n<p><b>EUR INDIVIDUAL R\u00c1PIDO Y REL\u00c1M SUB-8 A SUB-18<\/b><b><\/b><\/p>\n<\/td>\n<td valign=\"top\">\n<p>TESAL\u00d3NICA (Grecia)<\/p>\n<\/td>\n<td valign=\"top\">\n<p>03\/08\/2025<\/p>\n<\/td>\n<td valign=\"top\">\n<p>08\/08\/2025<\/p>\n<\/td>\n<\/tr>\n<tr>\n<td valign=\"top\">\n<p><b>MUN GRAN SUIZO FIDE INDIVIDUAL ABSOLUTO<\/b><b><\/b><\/p>\n<\/td>\n<td valign=\"top\">\n<p>SAMARKANDA (Uzbekist\u00e1n)<\/p>\n<\/td>\n<td valign=\"top\">\n<p>03\/09\/2025<\/p>\n<\/td>\n<td valign=\"top\">\n<p>15\/09\/2025<\/p>\n<\/td>\n<\/tr>\n<tr>\n<td valign=\"top\">\n<p><b>MUN GRAN SUIZO FIDE INDIVIDUAL FEMENINO<\/b><b><\/b><\/p>\n<\/td>\n<td valign=\"top\">\n<p>SAMARKANDA (Uzbekist\u00e1n)<\/p>\n<\/td>\n<td valign=\"top\">\n<p>03\/09\/2025<\/p>\n<\/td>\n<td valign=\"top\">\n<p>15\/09\/2025<\/p>\n<\/td>\n<\/tr>\n<tr>\n<td valign=\"top\">\n<p><b>EUR INDIVIDUAL VETERANOS<\/b><b><\/b><\/p>\n<\/td>\n<td valign=\"top\">\n<p>POREC (Croacia)<\/p>\n<\/td>\n<td valign=\"top\">\n<p>25\/09\/2025<\/p>\n<\/td>\n<td valign=\"top\">\n<p>05\/10\/2025<\/p>\n<\/td>\n<\/tr>\n<tr>\n<td valign=\"top\">\n<p><b>MUN INDIVIDUAL SUB-14 A SUB-18<\/b><b><\/b><\/p>\n<\/td>\n<td valign=\"top\">\n<p>DURRES (Albania)<\/p>\n<\/td>\n<td valign=\"top\">\n<p>30\/09\/2025<\/p>\n<\/td>\n<td valign=\"top\">\n<p>13\/10\/2025<\/p>\n<\/td>\n<\/tr>\n<tr>\n<td valign=\"top\">\n<p><b>EUR SELECCIONES ABSOLUTAS<\/b><b><\/b><\/p>\n<\/td>\n<td valign=\"top\">\n<p>BATUMI Georgia)<\/p>\n<\/td>\n<td valign=\"top\">\n<p>04\/10\/2025<\/p>\n<\/td>\n<td valign=\"top\">\n<p>15\/10\/2025<\/p>\n<\/td>\n<\/tr>\n<tr>\n<td valign=\"top\">\n<p><b>EUR SELECCIONES FEMENINAS<\/b><b><\/b><\/p>\n<\/td>\n<td valign=\"top\">\n<p>BATUMI (Georgia)<\/p>\n<\/td>\n<td valign=\"top\">\n<p>04\/10\/2025<\/p>\n<\/td>\n<td valign=\"top\">\n<p>15\/10\/2025<\/p>\n<\/td>\n<\/tr>\n<tr>\n<td valign=\"top\">\n<p><b>EUR COPA DE EUROPA DE CLUBS<\/b><b><\/b><\/p>\n<\/td>\n<td valign=\"top\">\n<p>RODAS (Grecia)<\/p>\n<\/td>\n<td valign=\"top\">\n<p>18\/10\/2025<\/p>\n<\/td>\n<td valign=\"top\">\n<p>26\/10\/2025<\/p>\n<\/td>\n<\/tr>\n<tr>\n<td valign=\"top\">\n<p><b>MUN INDIVIDUAL VETERANOS<\/b><b><\/b><\/p>\n<\/td>\n<td valign=\"top\">\n<p>GALIPOLI (Italia)<\/p>\n<\/td>\n<td valign=\"top\">\n<p>20\/10\/2025<\/p>\n<\/td>\n<td valign=\"top\">\n<p>02\/11\/2025<\/p>\n<\/td>\n<\/tr>\n<tr>\n<td valign=\"top\">\n<p><b>EUR INDIVIDUAL SUB-8 A SUB-18<\/b><b><\/b><\/p>\n<\/td>\n<td valign=\"top\">\n<p>BUDVA (Montenegro)<\/p>\n<\/td>\n<td valign=\"top\">\n<p>28\/10\/2025<\/p>\n<\/td>\n<td valign=\"top\">\n<p>08\/11\/2025<\/p>\n<\/td>\n<\/tr>\n<tr>\n<td valign=\"top\">\n<p><b>MUN INDIVIDUAL AMATEUR 2300-2000-1700<\/b><b><\/b><\/p>\n<\/td>\n<td valign=\"top\">\n<p>VRNJACKA BANJA (Serbia)<\/p>\n<\/td>\n<td valign=\"top\">\n<p>04\/11\/2025<\/p>\n<\/td>\n<td valign=\"top\">\n<p>14\/11\/2025<\/p>\n<\/td>\n<\/tr>\n<tr>\n<td valign=\"top\">\n<p><b>MUN INDIVIDUAL SUB-8 A SUB-12<\/b><b><\/b><\/p>\n<\/td>\n<td valign=\"top\">\n<p>A determinar<\/p>\n<\/td>\n<td valign=\"top\">\n<p>2025 Nov<\/p>\n<\/td>\n<td valign=\"top\">\n<p>2025 Nov<\/p>\n<\/td>\n<\/tr>\n<tr>\n<td valign=\"top\">\n<p><b>IBEROAMERICANO INDIVIDUAL R\u00c1PIDO<\/b><b><\/b><\/p>\n<\/td>\n<td valign=\"top\">\n<p>SANT BOI (Barcelona)<\/p>\n<\/td>\n<td valign=\"top\">\n<p>29\/11\/2025<\/p>\n<\/td>\n<td valign=\"top\">\n<p>30\/11\/2025<\/p>\n<\/td>\n<\/tr>\n<tr>\n<td valign=\"top\">\n<p><b>EUR INDIVIDUAL R\u00c1P Y REL\u00c1MP ABSOL Y FEM<\/b><b><\/b><\/p>\n<\/td>\n<td valign=\"top\">\n<p>Pristina (Kosovo)<\/p>\n<\/td>\n<td valign=\"top\">\n<p>28\/11\/2025<\/p>\n<\/td>\n<td valign=\"top\">\n<p>30\/11\/2025<\/p>\n<\/td>\n<\/tr>\n<tr>\n<td valign=\"top\">\n<p><b>MUN INDIVIDUAL R\u00c1P Y RELAMP ABSOLUTO<\/b><b><\/b><\/p>\n<\/td>\n<td valign=\"top\">\n<p>DOHA (Qatar)<\/p>\n<\/td>\n<td valign=\"top\">\n<p>25\/12\/2025<\/p>\n<\/td>\n<td valign=\"top\">\n<p>31\/12\/2025<\/p>\n<\/td>\n<\/tr>\n<tr>\n<td valign=\"top\">\n<p><b>MUN INDIVIDUAL R\u00c1P Y REL\u00c1MP FEMENINO<\/b><b><\/b><\/p>\n<\/td>\n<td valign=\"top\">\n<p>DOHA (Qatar)<\/p>\n<\/td>\n<td valign=\"top\">\n<p>25\/12\/2025<\/p>\n<\/td>\n<td valign=\"top\">\n<p>31\/12\/2025<\/p>\n<\/td>\n<\/tr>\n<tr>\n<td valign=\"top\">\n<p><b>IBEROAMERICANO INDIVIDUAL ABSOLUTO<\/b><b><\/b><\/p>\n<\/td>\n<td valign=\"top\">\n<p>M\u00c9XICO<\/p>\n<\/td>\n<td valign=\"top\">\n<p>A determinar<span class=\"Apple-converted-space\">\u00a0<\/span><\/p>\n<\/td>\n<td valign=\"top\">\n<p>A determinar<span class=\"Apple-converted-space\">\u00a0<\/span><\/p>\n<\/td>\n<\/tr>\n<tr>\n<td valign=\"top\">\n<p><b>MEDITERR\u00c1NEO INDIVIDUAL ABSOLUTO<\/b><b><\/b><\/p>\n<\/td>\n<td valign=\"top\">\n<p>A determinar<\/p>\n<\/td>\n<td valign=\"top\">\n<p>A determinar<span class=\"Apple-converted-space\">\u00a0<\/span><\/p>\n<\/td>\n<td valign=\"top\">\n<p>A determinar<span class=\"Apple-converted-space\">\u00a0<\/span><\/p>\n<\/td>\n<\/tr>\n<\/tbody>\n<\/table>\n<p>Notas:<span class=\"Apple-converted-space\">\u00a0<\/span><\/p>\n<p>Las fechas indican los d\u00edas de llegada y regreso.<\/p>\n<p>Las fechas son las previstas el d\u00eda de la publicaci\u00f3n del Calendario. Ser\u00e1n oficiales solamente cuando las Federaciones Internacionales publiquen la convocatoria.<\/p>\n<p>El Calendario se actualizar\u00e1 peri\u00f3dicamente en la p\u00e1gina Web de la FEDA, sin publicaci\u00f3n de circulares posteriores.<\/p>\n<\/div>\n<\/li>\n<\/ul>\n<p><!--more--><br \/>\n<!-- {\"type\":\"layout\",\"children\":[{\"type\":\"section\",\"props\":{\"image_position\":\"center-center\",\"style\":\"default\",\"title_breakpoint\":\"xl\",\"title_position\":\"top-left\",\"title_rotation\":\"left\",\"vertical_align\":\"middle\",\"width\":\"default\"},\"children\":[{\"type\":\"row\",\"children\":[{\"type\":\"column\",\"props\":{\"image_position\":\"center-center\",\"position_sticky_breakpoint\":\"m\"},\"children\":[{\"type\":\"switcher\",\"props\":{\"content_column_breakpoint\":\"m\",\"image_align\":\"top\",\"image_grid_breakpoint\":\"m\",\"image_grid_width\":\"1-2\",\"image_svg_color\":\"emphasis\",\"link_style\":\"default\",\"link_text\":\"Read more\",\"margin\":\"default\",\"meta_align\":\"below-title\",\"meta_element\":\"div\",\"meta_style\":\"text-meta\",\"nav\":\"tab\",\"nav_align\":\"left\",\"nav_grid_breakpoint\":\"m\",\"nav_grid_width\":\"auto\",\"nav_position\":\"top\",\"show_content\":true,\"show_image\":true,\"show_label\":true,\"show_link\":true,\"show_meta\":true,\"show_thumbnail\":true,\"show_title\":true,\"switcher_animation\":\"fade\",\"switcher_height\":true,\"thumbnav_height\":\"75\",\"thumbnav_svg_color\":\"emphasis\",\"thumbnav_width\":\"100\",\"title_align\":\"top\",\"title_element\":\"h3\",\"title_grid_breakpoint\":\"m\",\"title_grid_width\":\"1-2\"},\"children\":[{\"type\":\"switcher_item\",\"props\":{\"content\":\"\\n                    \n\n<p><b>Calendario FEDA 2026<\\\/b><\\\/p>\\n                    \n\n<p><b>Aprobado por la Asamblea General 31-01-2026<\\\/b><\\\/p>\\n\\n                    <!-- ===================== ESTATAL ===================== -->\\n                    <\/p>\n<table class=\\\"tabla_calendario\\\" cellspacing=\\\"0\\\" cellpadding=\\\"0\\\">\\n                        <\/p>\n<tbody>\\n                            <\/p>\n<tr>\\n                                <\/p>\n<td colspan=\\\"4\\\"><b>ESTATAL<\\\/b><\\\/td>\\n                            <\\\/tr>\\n                            <\/p>\n<tr>\\n                                <\/p>\n<td><b>DESCRIPCI\\u00d3N<\\\/b><\\\/td>\\n                                <\/p>\n<td><b>LUGAR<\\\/b><\\\/td>\\n                                <\/p>\n<td><b>INICIO<\\\/b><\\\/td>\\n                                <\/p>\n<td><b>FINAL<\\\/b><\\\/td>\\n                            <\\\/tr>\\n\\n                            <\/p>\n<tr>\n<td><b>ASAMBLEA GENERAL EXTRAORDINARIA<\\\/b><\\\/td><\/p>\n<td>ONLINE<\\\/td><\/p>\n<td>31\\\/01\\\/2026<\\\/td><\/p>\n<td>31\\\/01\\\/2026<\\\/td><\\\/tr>\\n                            <\/p>\n<tr>\n<td><b>CURSO Y EXAMEN \\u00c1RBITROS FEDA<\\\/b><\\\/td><\/p>\n<td>ONLINE\\\/PRESENCIAL<\\\/td><\/p>\n<td>02\\\/03\\\/2026<\\\/td><\/p>\n<td>18\\\/04\\\/2026<\\\/td><\\\/tr>\\n                            <\/p>\n<tr>\n<td><b>SEMINARIO ARBITRAL FEDA<\\\/b><\\\/td><\/p>\n<td>VALLADOLID (CTL)<\\\/td><\/p>\n<td>10\\\/04\\\/2026<\\\/td><\/p>\n<td>12\\\/04\\\/2026<\\\/td><\\\/tr>\\n                            <\/p>\n<tr>\n<td><b>CTO ESPA\\u00d1A CENTROS ESCOLARES<\\\/b><\\\/td><\/p>\n<td>GUARDAMAR DEL SEGURA (VAL)<\\\/td><\/p>\n<td>24\\\/04\\\/2026<\\\/td><\/p>\n<td>26\\\/04\\\/2026<\\\/td><\\\/tr>\\n                            <\/p>\n<tr>\n<td><b>ASAMBLEA GENERAL ORDINARIA<\\\/b><\\\/td><\/p>\n<td>MADRID \\\/ ONLINE<\\\/td><\/p>\n<td>28\\\/06\\\/2026<\\\/td><\/p>\n<td>28\\\/06\\\/2026<\\\/td><\\\/tr>\\n                            <\/p>\n<tr>\n<td><b>CESA 2026<\\\/b><\\\/td><\/p>\n<td>PADR\\u00d3N (GAL)<\\\/td><\/p>\n<td>29\\\/06\\\/2026<\\\/td><\/p>\n<td>03\\\/07\\\/2026<\\\/td><\\\/tr>\\n                            <\/p>\n<tr>\n<td><b>CTO ESPA\\u00d1A INDIV SUB-8<\\\/b><\\\/td><\/p>\n<td>V\\u00cdCAR (AND)<\\\/td><\/p>\n<td>02\\\/07\\\/2026<\\\/td><\/p>\n<td>06\\\/07\\\/2026<\\\/td><\\\/tr>\\n                            <\/p>\n<tr>\n<td><b>CTO ESPA\\u00d1A INDIV SUB-10<\\\/b><\\\/td><\/p>\n<td>V\\u00cdCAR (AND)<\\\/td><\/p>\n<td>07\\\/07\\\/2026<\\\/td><\/p>\n<td>12\\\/07\\\/2026<\\\/td><\\\/tr>\\n                            <\/p>\n<tr>\n<td><b>CTO ESPA\\u00d1A INDIV SUB-12<\\\/b><\\\/td><\/p>\n<td>V\\u00cdCAR (AND)<\\\/td><\/p>\n<td>13\\\/07\\\/2026<\\\/td><\/p>\n<td>18\\\/07\\\/2026<\\\/td><\\\/tr>\\n                            <\/p>\n<tr>\n<td><b>CTO ESPA\\u00d1A INDIV SUB-14<\\\/b><\\\/td><\/p>\n<td>V\\u00cdCAR (AND)<\\\/td><\/p>\n<td>19\\\/07\\\/2026<\\\/td><\/p>\n<td>24\\\/07\\\/2026<\\\/td><\\\/tr>\\n                            <\/p>\n<tr>\n<td><b>CTO ESPA\\u00d1A INDIV SUB-16<\\\/b><\\\/td><\/p>\n<td>V\\u00cdCAR (AND)<\\\/td><\/p>\n<td>25\\\/07\\\/2026<\\\/td><\/p>\n<td>30\\\/07\\\/2026<\\\/td><\\\/tr>\\n                            <\/p>\n<tr>\n<td><b>CTO ESPA\\u00d1A R\\u00c1PIDO SUB-8\\\/18<\\\/b><\\\/td><\/p>\n<td>TORRE PACHECO (MUR)<\\\/td><\/p>\n<td>01\\\/08\\\/2026<\\\/td><\/p>\n<td>02\\\/08\\\/2026<\\\/td><\\\/tr>\\n                            <\/p>\n<tr>\n<td><b>CTO ESPA\\u00d1A JUVENIL SUB-18<\\\/b><\\\/td><\/p>\n<td>CIUDAD REAL (CTM)*<\\\/td><\/p>\n<td>03\\\/08\\\/2026<\\\/td><\/p>\n<td>08\\\/08\\\/2026<\\\/td><\\\/tr>\\n                            <\/p>\n<tr>\n<td><b>CECLUB SEGUNDA DIVISI\\u00d3N NORTE<\\\/b><\\\/td><\/p>\n<td>OVIEDO (AST)<\\\/td><\/p>\n<td>10\\\/08\\\/2026<\\\/td><\/p>\n<td>13\\\/08\\\/2026<\\\/td><\\\/tr>\\n                            <\/p>\n<tr>\n<td><b>CECLUB SEGUNDA DIVISI\\u00d3N SUR<\\\/b><\\\/td><\/p>\n<td>LINARES (AND)<\\\/td><\/p>\n<td>11\\\/08\\\/2026<\\\/td><\/p>\n<td>14\\\/08\\\/2026<\\\/td><\\\/tr>\\n                            <\/p>\n<tr>\n<td><b>CTO ESPA\\u00d1A INDIVIDUAL REL\\u00c1MPAGO ABS<\\\/b><\\\/td><\/p>\n<td>MENG\\u00cdBAR (AND)*<\\\/td><\/p>\n<td>15\\\/08\\\/2026<\\\/td><\/p>\n<td>15\\\/08\\\/2026<\\\/td><\\\/tr>\\n                            <\/p>\n<tr>\n<td><b>CTO ESPA\\u00d1A INDIVIDUAL R\\u00c1PIDO ABS<\\\/b><\\\/td><\/p>\n<td>MENG\\u00cdBAR (AND)*<\\\/td><\/p>\n<td>16\\\/08\\\/2026<\\\/td><\/p>\n<td>16\\\/08\\\/2026<\\\/td><\\\/tr>\\n                            <\/p>\n<tr>\n<td><b>CTO ESPA\\u00d1A INDIVIDUAL ABSOLUTO<\\\/b><\\\/td><\/p>\n<td>LINARES (AND)<\\\/td><\/p>\n<td>17\\\/08\\\/2026<\\\/td><\/p>\n<td>25\\\/08\\\/2026<\\\/td><\\\/tr>\\n                            <\/p>\n<tr>\n<td><b>CECLUB PRIMERA DIVISI\\u00d3N<\\\/b><\\\/td><\/p>\n<td>LINARES (AND)<\\\/td><\/p>\n<td>27\\\/08\\\/2026<\\\/td><\/p>\n<td>02\\\/09\\\/2026<\\\/td><\\\/tr>\\n                            <\/p>\n<tr>\n<td><b>CTO ESPA\\u00d1A INDIV TRAMOS 1700-2000-2300<\\\/b><\\\/td><\/p>\n<td>HOZNAYO (CNT)<\\\/td><\/p>\n<td>30\\\/08\\\/2026<\\\/td><\/p>\n<td>04\\\/09\\\/2026<\\\/td><\\\/tr>\\n                            <\/p>\n<tr>\n<td><b>CTO ESPA\\u00d1A INDIVIDUAL INCLUSIVO<\\\/b><\\\/td><\/p>\n<td>MADRID* (octubre 2026)<\\\/td><\/p>\n<td>01\\\/10\\\/2026<\\\/td><\/p>\n<td>31\\\/10\\\/2026<\\\/td><\\\/tr>\\n                            <\/p>\n<tr>\n<td><b>CTO ESPA\\u00d1A INDIVIDUAL VETERANOS<\\\/b><\\\/td><\/p>\n<td>ROQUETAS DE MAR (AND)<\\\/td><\/p>\n<td>02\\\/10\\\/2026<\\\/td><\/p>\n<td>10\\\/10\\\/2026<\\\/td><\\\/tr>\\n                            <\/p>\n<tr>\n<td><b>CTO ESPA\\u00d1A RAPIDO POR EQUIPOS<\\\/b><\\\/td><\/p>\n<td>ALBACETE (CTM)<\\\/td><\/p>\n<td>11\\\/10\\\/2026<\\\/td><\/p>\n<td>12\\\/10\\\/2026<\\\/td><\\\/tr>\\n                            <\/p>\n<tr>\n<td><b>COPA DE ESPA\\u00d1A EQUIPOS SUB-18*<\\\/b><\\\/td><\/p>\n<td>A.D. (entre 19\\\/10 y 31\\\/12)<\\\/td><\/p>\n<td>19\\\/10\\\/2026<\\\/td><\/p>\n<td>31\\\/12\\\/2026<\\\/td><\\\/tr>\\n                            <\/p>\n<tr>\n<td><b>COPA DE ESPA\\u00d1A EQUIPOS SUB-14*<\\\/b><\\\/td><\/p>\n<td>A.D. (entre 19\\\/10 y 31\\\/12)<\\\/td><\/p>\n<td>19\\\/10\\\/2026<\\\/td><\/p>\n<td>31\\\/12\\\/2026<\\\/td><\\\/tr>\\n                            <\/p>\n<tr>\n<td><b>CECLUB DIVISI\\u00d3N DE HONOR<\\\/b><\\\/td><\/p>\n<td>MARBELLA (AND)<\\\/td><\/p>\n<td>20\\\/11\\\/2026<\\\/td><\/p>\n<td>26\\\/11\\\/2026<\\\/td><\\\/tr>\\n                            <\/p>\n<tr>\n<td><b>CTO ESPA\\u00d1A PAREJAS MIXTAS REL\\u00c1MPAGO<\\\/b><\\\/td><\/p>\n<td>A.D.<\\\/td><\/p>\n<td><\\\/td><\/p>\n<td><\\\/td><\\\/tr>\\n                            <\/p>\n<tr>\n<td><b>CTO ESPA\\u00d1A PAREJAS MIXTAS R\\u00c1PIDO<\\\/b><\\\/td><\/p>\n<td>A.D.<\\\/td><\/p>\n<td><\\\/td><\/p>\n<td><\\\/td><\\\/tr>\\n                        <\\\/tbody>\\n                    <\\\/table>\\n\\n                    <\/p>\n<p>(*) Sede y\\\/o fechas pendientes de confirmaci\\u00f3n definitiva<\\\/p>\\n                    <\/p>\n<p>Las fechas indican los d\\u00edas de juego.<\\\/p>\\n\\n                    <!-- ===================== INTERNACIONAL ===================== -->\\n                    <\/p>\n<table class=\\\"tabla_calendario\\\" cellspacing=\\\"0\\\" cellpadding=\\\"0\\\">\\n                        <\/p>\n<tbody>\\n                            <\/p>\n<tr>\\n                                <\/p>\n<td colspan=\\\"4\\\"><b>INTERNACIONAL<\\\/b><\\\/td>\\n                            <\\\/tr>\\n                            <\/p>\n<tr>\\n                                <\/p>\n<td><b>DESCRIPCI\\u00d3N<\\\/b><\\\/td>\\n                                <\/p>\n<td><b>LUGAR<\\\/b><\\\/td>\\n                                <\/p>\n<td><b>INICIO<\\\/b><\\\/td>\\n                                <\/p>\n<td><b>FINAL<\\\/b><\\\/td>\\n                            <\\\/tr>\\n\\n                            <\/p>\n<tr>\n<td><b>CTO EUROPA IND R\\u00c1P Y REL\\u00c1MP FEM 2025<\\\/b><\\\/td><\/p>\n<td>M\\u00d3NACO (MON)<\\\/td><\/p>\n<td>08\\\/01\\\/2026<\\\/td><\/p>\n<td>12\\\/01\\\/2026<\\\/td><\\\/tr>\\n                            <\/p>\n<tr>\n<td><b>CTO EUROPA INDIV ABSOLUTO<\\\/b><\\\/td><\/p>\n<td>KATOWICE (POL)<\\\/td><\/p>\n<td>07\\\/04\\\/2026<\\\/td><\/p>\n<td>19\\\/04\\\/2026<\\\/td><\\\/tr>\\n                            <\/p>\n<tr>\n<td><b>CTO MUNDO IND R\\u00c1PIDO Y REL\\u00c1MP SUB-8-18<\\\/b><\\\/td><\/p>\n<td>BANJA (SRB)<\\\/td><\/p>\n<td>14\\\/04\\\/2026<\\\/td><\/p>\n<td>21\\\/04\\\/2026<\\\/td><\\\/tr>\\n                            <\/p>\n<tr>\n<td><b>CTO EUROPA INDIV FEMENINO<\\\/b><\\\/td><\/p>\n<td>BATUMI (GEO)<\\\/td><\/p>\n<td>24\\\/05\\\/2026<\\\/td><\/p>\n<td>06\\\/06\\\/2026<\\\/td><\\\/tr>\\n                            <\/p>\n<tr>\n<td><b>CTO EUROPA VETERANOS<\\\/b><\\\/td><\/p>\n<td>AQUI TERME (ITA)<\\\/td><\/p>\n<td>01\\\/06\\\/2026<\\\/td><\/p>\n<td>11\\\/06\\\/2026<\\\/td><\\\/tr>\\n                            <\/p>\n<tr>\n<td><b>CTO MUNDO IND SUB-14-18<\\\/b><\\\/td><\/p>\n<td>MONTESILVANO (ITA)<\\\/td><\/p>\n<td>14\\\/06\\\/2026<\\\/td><\/p>\n<td>27\\\/06\\\/2026<\\\/td><\\\/tr>\\n                            <\/p>\n<tr>\n<td><b>COPA DEL MUNDO INDIV SUB-8 A SUB-12<\\\/b><\\\/td><\/p>\n<td>BATUMI (GEO)<\\\/td><\/p>\n<td>15\\\/06\\\/2026<\\\/td><\/p>\n<td>28\\\/06\\\/2028<\\\/td><\\\/tr>\\n                            <\/p>\n<tr>\n<td><b>CTO EUROPA IND R\\u00c1P Y REL\\u00c1MP SUB-8-18<\\\/b><\\\/td><\/p>\n<td>RZESZOW (POL)<\\\/td><\/p>\n<td>06\\\/07\\\/2026<\\\/td><\/p>\n<td>10\\\/07\\\/2026<\\\/td><\\\/tr>\\n                            <\/p>\n<tr>\n<td><b>CTO MUNDO SELECCIONES \\u2013 OLIMPIADA ABS<\\\/b><\\\/td><\/p>\n<td>SAMARKANDA (UZB)<\\\/td><\/p>\n<td>15\\\/09\\\/2026<\\\/td><\/p>\n<td>28\\\/09\\\/2026<\\\/td><\\\/tr>\\n                            <\/p>\n<tr>\n<td><b>CTO MUNDO SELECCIONES \\u2013 OLIMPIADA FEM<\\\/b><\\\/td><\/p>\n<td>SAMARKANDA (UZB)<\\\/td><\/p>\n<td>15\\\/09\\\/2026<\\\/td><\/p>\n<td>28\\\/09\\\/2026<\\\/td><\\\/tr>\\n                            <\/p>\n<tr>\n<td><b>CTO MUNDO SUB-20*<\\\/b><\\\/td><\/p>\n<td>LIMA (PER)*<\\\/td><\/p>\n<td>01\\\/10\\\/2026<\\\/td><\/p>\n<td>14\\\/10\\\/2026<\\\/td><\\\/tr>\\n                            <\/p>\n<tr>\n<td><b>CTO MUNDO AMATEUR 2300-2000-1700<\\\/b><\\\/td><\/p>\n<td>A.D.<\\\/td><\/p>\n<td>A.D.<\\\/td><\/p>\n<td>A.D.<\\\/td><\\\/tr>\\n                            <\/p>\n<tr>\n<td><b>COPA DE EUROPA DE CLUBS ABS<\\\/b><\\\/td><\/p>\n<td>BUDVA (MON)<\\\/td><\/p>\n<td>16\\\/10\\\/2026<\\\/td><\/p>\n<td>24\\\/10\\\/2026<\\\/td><\\\/tr>\\n                            <\/p>\n<tr>\n<td><b>COPA DE EUROPA DE CLUBS FEM<\\\/b><\\\/td><\/p>\n<td>BUDVA (MON)<\\\/td><\/p>\n<td>16\\\/10\\\/2026<\\\/td><\/p>\n<td>24\\\/10\\\/2026<\\\/td><\\\/tr>\\n                            <\/p>\n<tr>\n<td><b>CTO MUNDO INDIV SUB-7\\\/SUB-17<\\\/b><\\\/td><\/p>\n<td>FOR DO IQUACU (BRA)<\\\/td><\/p>\n<td>20\\\/10\\\/2026<\\\/td><\/p>\n<td>05\\\/11\\\/2026<\\\/td><\\\/tr>\\n                            <\/p>\n<tr>\n<td><b>CTO EUROPA INDIV SUB 8\\\/SUB-18<\\\/b><\\\/td><\/p>\n<td>RODAS (GRE)<\\\/td><\/p>\n<td>02\\\/11\\\/2026<\\\/td><\/p>\n<td>13\\\/11\\\/2026<\\\/td><\\\/tr>\\n                            <\/p>\n<tr>\n<td><b>CTO MUNDO VETERANOS<\\\/b><\\\/td><\/p>\n<td>BANJA (SRB)<\\\/td><\/p>\n<td>02\\\/11\\\/2026<\\\/td><\/p>\n<td>15\\\/11\\\/2026<\\\/td><\\\/tr>\\n                            <\/p>\n<tr>\n<td><b>CTO MUNDO IND SUB 8-12*<\\\/b><\\\/td><\/p>\n<td>BATUMI (GEO)<\\\/td><\/p>\n<td>10\\\/11\\\/2026<\\\/td><\/p>\n<td>17\\\/11\\\/2026<\\\/td><\\\/tr>\\n                            <\/p>\n<tr>\n<td><b>CTO EUROPA IND R\\u00c1P Y REL\\u00c1MP ABS*<\\\/b><\\\/td><\/p>\n<td>A.D.<\\\/td><\/p>\n<td>01\\\/12\\\/2026<\\\/td><\/p>\n<td>06\\\/12\\\/2026<\\\/td><\\\/tr>\\n                            <\/p>\n<tr>\n<td><b>CTO MUNDO INDIV R\\u00c1P Y RELAMP ABS*<\\\/b><\\\/td><\/p>\n<td>A.D.<\\\/td><\/p>\n<td>25\\\/12\\\/2026<\\\/td><\/p>\n<td>31\\\/12\\\/2026<\\\/td><\\\/tr>\\n                            <\/p>\n<tr>\n<td><b>CTO IBEROAMERICANO ABSOLUTO*<\\\/b><\\\/td><\/p>\n<td>A.D.<\\\/td><\/p>\n<td><\\\/td><\/p>\n<td><\\\/td><\\\/tr>\\n                        <\\\/tbody>\\n                    <\\\/table>\\n\\n                    <\/p>\n<p>(*) Sede y\\\/o fechas pendientes de confirmaci\\u00f3n definitiva<\\\/p>\\n                    <\/p>\n<p>Las fechas indican los d\\u00edas de llegada y regreso.<\\\/p>\u00ab,\u00bbmeta\u00bb:\u00bb\u00bb,\u00bbtitle\u00bb:\u00bb2026&#8243;}},{\u00abtype\u00bb:\u00bbswitcher_item\u00bb,\u00bbprops\u00bb:{\u00abcontent\u00bb:\u00bb<\/p>\n<p><span><b>Calendario FEDA 2025. Actualizaci\\u00f3n<\\\/b><\\\/span><\\\/p>\\n<\/p>\n<table class=\\\"tabla_calendario\\\" cellspacing=\\\"0\\\" cellpadding=\\\"0\\\">\\n<\/p>\n<tbody>\\n<\/p>\n<tr>\\n<\/p>\n<td colspan=\\\"4\\\" valign=\\\"top\\\">\\n<\/p>\n<p><b>ESTATAL<\\\/b><b><\\\/b><\\\/p>\\n<\\\/td>\\n<\\\/tr>\\n<\/p>\n<tr>\\n<\/p>\n<td valign=\\\"top\\\">\\n<\/p>\n<p><b>DESCRIPCI\\u00d3N<\\\/b><b><\\\/b><\\\/p>\\n<\\\/td>\\n<\/p>\n<td valign=\\\"top\\\">\\n<\/p>\n<p><b>LUGAR<\\\/b><b><\\\/b><\\\/p>\\n<\\\/td>\\n<\/p>\n<td valign=\\\"top\\\">\\n<\/p>\n<p><b>INICIO<\\\/b><b><\\\/b><\\\/p>\\n<\\\/td>\\n<\/p>\n<td valign=\\\"top\\\">\\n<\/p>\n<p><b>FINAL<\\\/b><b><\\\/b><\\\/p>\\n<\\\/td>\\n<\\\/tr>\\n<\/p>\n<tr>\\n<\/p>\n<td valign=\\\"top\\\">\\n<\/p>\n<p><b>CE EQUIPOS CENTROS ESCOLARES<\\\/b><b><\\\/b><\\\/p>\\n<\\\/td>\\n<\/p>\n<td valign=\\\"top\\\">\\n<\/p>\n<p>GUARDAMAR DEL SEGURA (Alicante)<\\\/p>\\n<\\\/td>\\n<\/p>\n<td valign=\\\"top\\\">\\n<\/p>\n<p>25\\\/04\\\/2025<\\\/p>\\n<\\\/td>\\n<\/p>\n<td valign=\\\"top\\\">\\n<\/p>\n<p>27\\\/04\\\/2025<\\\/p>\\n<\\\/td>\\n<\\\/tr>\\n<\/p>\n<tr>\\n<\/p>\n<td valign=\\\"top\\\">\\n<\/p>\n<p><b>CONCENTRACI\\u00d3N ELITE SUB-8 A SUB-12<\\\/b><b><\\\/b><\\\/p>\\n<\\\/td>\\n<\/p>\n<td valign=\\\"top\\\">\\n<\/p>\n<p>MELILLA<\\\/p>\\n<\\\/td>\\n<\/p>\n<td valign=\\\"top\\\">\\n<\/p>\n<p>30\\\/04\\\/2025<\\\/p>\\n<\\\/td>\\n<\/p>\n<td valign=\\\"top\\\">\\n<\/p>\n<p>05\\\/05\\\/2025<\\\/p>\\n<\\\/td>\\n<\\\/tr>\\n<\/p>\n<tr>\\n<\/p>\n<td valign=\\\"top\\\">\\n<\/p>\n<p><b>CURSO Y EXAMEN \\u00c1RBITROS FEDA<\\\/b><b><\\\/b><\\\/p>\\n<\\\/td>\\n<\/p>\n<td valign=\\\"top\\\">\\n<\/p>\n<p>ONLINE<\\\/p>\\n<\\\/td>\\n<\/p>\n<td valign=\\\"top\\\">\\n<\/p>\n<p>07\\\/05\\\/2025<\\\/p>\\n<\\\/td>\\n<\/p>\n<td valign=\\\"top\\\">\\n<\/p>\n<p>28\\\/06\\\/2025<\\\/p>\\n<\\\/td>\\n<\\\/tr>\\n<\/p>\n<tr>\\n<\/p>\n<td valign=\\\"top\\\">\\n<\/p>\n<p><b>SEMINARIO ARBITRAL FEDA<\\\/b><b><\\\/b><\\\/p>\\n<\\\/td>\\n<\/p>\n<td valign=\\\"top\\\">\\n<\/p>\n<p>Albacete (CTM)<\\\/p>\\n<\\\/td>\\n<\/p>\n<td valign=\\\"top\\\">\\n<\/p>\n<p>31\\\/05\\\/2025<\\\/p>\\n<\\\/td>\\n<\/p>\n<td valign=\\\"top\\\">\\n<\/p>\n<p>01\\\/06\\\/2025<\\\/p>\\n<\\\/td>\\n<\\\/tr>\\n<\/p>\n<tr>\\n<\/p>\n<td valign=\\\"top\\\">\\n<\/p>\n<p><b>ASAMBLEA GENERAL ORDINARIA<\\\/b><b><\\\/b><\\\/p>\\n<\\\/td>\\n<\/p>\n<td valign=\\\"top\\\">\\n<\/p>\n<p>ONLINE<\\\/p>\\n<\\\/td>\\n<\/p>\n<td valign=\\\"top\\\">\\n<\/p>\n<p>15\\\/06\\\/2025<\\\/p>\\n<\\\/td>\\n<\/p>\n<td valign=\\\"top\\\">\\n<\/p>\n<p>15\\\/06\\\/2025<\\\/p>\\n<\\\/td>\\n<\\\/tr>\\n<\/p>\n<tr>\\n<\/p>\n<td valign=\\\"top\\\">\\n<\/p>\n<p><b>CE SELECC AUTON\\u00d3MICAS EDAD ESCOLAR<\\\/b><b><\\\/b><\\\/p>\\n<\\\/td>\\n<\/p>\n<td valign=\\\"top\\\">\\n<\/p>\n<p>ZARAGOZA<\\\/p>\\n<\\\/td>\\n<\/p>\n<td valign=\\\"top\\\">\\n<\/p>\n<p>19\\\/06\\\/2025<\\\/p>\\n<\\\/td>\\n<\/p>\n<td valign=\\\"top\\\">\\n<\/p>\n<p>22\\\/06\\\/2025<\\\/p>\\n<\\\/td>\\n<\\\/tr>\\n<\/p>\n<tr>\\n<\/p>\n<td valign=\\\"top\\\">\\n<\/p>\n<p><b>CE INDIVIDUAL SUB-8<\\\/b><b><\\\/b><\\\/p>\\n<\\\/td>\\n<\/p>\n<td valign=\\\"top\\\">\\n<\/p>\n<p>V\\u00cdCAR (Almer\\u00eda)<\\\/p>\\n<\\\/td>\\n<\/p>\n<td valign=\\\"top\\\">\\n<\/p>\n<p>27\\\/06\\\/2025<\\\/p>\\n<\\\/td>\\n<\/p>\n<td valign=\\\"top\\\">\\n<\/p>\n<p>01\\\/07\\\/2025<\\\/p>\\n<\\\/td>\\n<\\\/tr>\\n<\/p>\n<tr>\\n<\/p>\n<td valign=\\\"top\\\">\\n<\/p>\n<p><b>CE INDIVIDUAL SUB-10<\\\/b><b><\\\/b><\\\/p>\\n<\\\/td>\\n<\/p>\n<td valign=\\\"top\\\">\\n<\/p>\n<p>V\\u00cdCAR (Almer\\u00eda)<\\\/p>\\n<\\\/td>\\n<\/p>\n<td valign=\\\"top\\\">\\n<\/p>\n<p>02\\\/07\\\/2025<\\\/p>\\n<\\\/td>\\n<\/p>\n<td valign=\\\"top\\\">\\n<\/p>\n<p>07\\\/07\\\/2025<\\\/p>\\n<\\\/td>\\n<\\\/tr>\\n<\/p>\n<tr>\\n<\/p>\n<td valign=\\\"top\\\">\\n<\/p>\n<p><b>CE INDIVIDUAL SUB-12<\\\/b><b><\\\/b><\\\/p>\\n<\\\/td>\\n<\/p>\n<td valign=\\\"top\\\">\\n<\/p>\n<p>V\\u00cdCAR (Almer\\u00eda)<\\\/p>\\n<\\\/td>\\n<\/p>\n<td valign=\\\"top\\\">\\n<\/p>\n<p>08\\\/07\\\/2025<\\\/p>\\n<\\\/td>\\n<\/p>\n<td valign=\\\"top\\\">\\n<\/p>\n<p>13\\\/07\\\/2025<\\\/p>\\n<\\\/td>\\n<\\\/tr>\\n<\/p>\n<tr>\\n<\/p>\n<td valign=\\\"top\\\">\\n<\/p>\n<p><b>CE INDIVIDUAL SUB-14<\\\/b><b><\\\/b><\\\/p>\\n<\\\/td>\\n<\/p>\n<td valign=\\\"top\\\">\\n<\/p>\n<p>V\\u00cdCAR (Almer\\u00eda)<\\\/p>\\n<\\\/td>\\n<\/p>\n<td valign=\\\"top\\\">\\n<\/p>\n<p>14\\\/07\\\/2025<\\\/p>\\n<\\\/td>\\n<\/p>\n<td valign=\\\"top\\\">\\n<\/p>\n<p>19\\\/07\\\/2025<\\\/p>\\n<\\\/td>\\n<\\\/tr>\\n<\/p>\n<tr>\\n<\/p>\n<td valign=\\\"top\\\">\\n<\/p>\n<p><b>CE INDIVIDUAL SUB-16<\\\/b><b><\\\/b><\\\/p>\\n<\\\/td>\\n<\/p>\n<td valign=\\\"top\\\">\\n<\/p>\n<p>V\\u00cdCAR (Almer\\u00eda)<\\\/p>\\n<\\\/td>\\n<\/p>\n<td valign=\\\"top\\\">\\n<\/p>\n<p>20\\\/07\\\/2025<\\\/p>\\n<\\\/td>\\n<\/p>\n<td valign=\\\"top\\\">\\n<\/p>\n<p>25\\\/07\\\/2025<\\\/p>\\n<\\\/td>\\n<\\\/tr>\\n<\/p>\n<tr>\\n<\/p>\n<td valign=\\\"top\\\">\\n<\/p>\n<p><b>CE INDIVIDUAL R\\u00c1PIDO SUB-10 A SUB-18<\\\/b><b><\\\/b><\\\/p>\\n<\\\/td>\\n<\/p>\n<td valign=\\\"top\\\">\\n<\/p>\n<p>DON BENITO (Badajoz)<\\\/p>\\n<\\\/td>\\n<\/p>\n<td valign=\\\"top\\\">\\n<\/p>\n<p>26\\\/07\\\/2025<\\\/p>\\n<\\\/td>\\n<\/p>\n<td valign=\\\"top\\\">\\n<\/p>\n<p>27\\\/07\\\/2025<\\\/p>\\n<\\\/td>\\n<\\\/tr>\\n<\/p>\n<tr>\\n<\/p>\n<td valign=\\\"top\\\">\\n<\/p>\n<p><b>CE EQUIPOS DIVISI\\u00d3N DE HONOR &#8211; CECLUB DH<\\\/b><b><\\\/b><\\\/p>\\n<\\\/td>\\n<\/p>\n<td valign=\\\"top\\\">\\n<\/p>\n<p>LINARES (Ja\\u00e9n)<\\\/p>\\n<\\\/td>\\n<\/p>\n<td valign=\\\"top\\\">\\n<\/p>\n<p>08\\\/08\\\/2025<\\\/p>\\n<\\\/td>\\n<\/p>\n<td valign=\\\"top\\\">\\n<\/p>\n<p>14\\\/08\\\/2025<\\\/p>\\n<\\\/td>\\n<\\\/tr>\\n<\/p>\n<tr>\\n<\/p>\n<td valign=\\\"top\\\">\\n<\/p>\n<p><b>CE EQUIPOS PRIMERA DIVISI\\u00d3N &#8211; CECLUB 1D<\\\/b><b><\\\/b><\\\/p>\\n<\\\/td>\\n<\/p>\n<td valign=\\\"top\\\">\\n<\/p>\n<p>LINARES (Ja\\u00e9n)<\\\/p>\\n<\\\/td>\\n<\/p>\n<td valign=\\\"top\\\">\\n<\/p>\n<p>08\\\/08\\\/2025<\\\/p>\\n<\\\/td>\\n<\/p>\n<td valign=\\\"top\\\">\\n<\/p>\n<p>14\\\/08\\\/2025<\\\/p>\\n<\\\/td>\\n<\\\/tr>\\n<\/p>\n<tr>\\n<\/p>\n<td valign=\\\"top\\\">\\n<\/p>\n<p><b>CE INDIVIDUAL AJEDREZ REL\\u00c1MPAGO<\\\/b><b><\\\/b><\\\/p>\\n<\\\/td>\\n<\/p>\n<td valign=\\\"top\\\">\\n<\/p>\n<p>MENG\\u00cdBAR (Ja\\u00e9n)<\\\/p>\\n<\\\/td>\\n<\/p>\n<td valign=\\\"top\\\">\\n<\/p>\n<p>15\\\/08\\\/2025<\\\/p>\\n<\\\/td>\\n<\/p>\n<td valign=\\\"top\\\">\\n<\/p>\n<p>15\\\/08\\\/2025<\\\/p>\\n<\\\/td>\\n<\\\/tr>\\n<\/p>\n<tr>\\n<\/p>\n<td valign=\\\"top\\\">\\n<\/p>\n<p><b>CE INDIVIDUAL AJEDREZ R\\u00c1PIDO<\\\/b><b><\\\/b><\\\/p>\\n<\\\/td>\\n<\/p>\n<td valign=\\\"top\\\">\\n<\/p>\n<p>MENG\\u00cdBAR (Ja\\u00e9n)<\\\/p>\\n<\\\/td>\\n<\/p>\n<td valign=\\\"top\\\">\\n<\/p>\n<p>16\\\/08\\\/2025<\\\/p>\\n<\\\/td>\\n<\/p>\n<td valign=\\\"top\\\">\\n<\/p>\n<p>16\\\/08\\\/2025<\\\/p>\\n<\\\/td>\\n<\\\/tr>\\n<\/p>\n<tr>\\n<\/p>\n<td valign=\\\"top\\\">\\n<\/p>\n<p><b>CE EQUIPOS SEGUNDA DIVISI\\u00d3N NORTE &#8211; CECLUB 2DN<\\\/b><b><\\\/b><\\\/p>\\n<\\\/td>\\n<\/p>\n<td valign=\\\"top\\\">\\n<\/p>\n<p>SABADELL (Barcelona)<\\\/p>\\n<\\\/td>\\n<\/p>\n<td valign=\\\"top\\\">\\n<\/p>\n<p>18\\\/08\\\/2025<\\\/p>\\n<\\\/td>\\n<\/p>\n<td valign=\\\"top\\\">\\n<\/p>\n<p>21\\\/08\\\/2025<\\\/p>\\n<\\\/td>\\n<\\\/tr>\\n<\/p>\n<tr>\\n<\/p>\n<td valign=\\\"top\\\">\\n<\/p>\n<p><b>CE SEGUNDA DIVISI\\u00d3N SUR &#8211; CECLUB 2DS<\\\/b><b><\\\/b><\\\/p>\\n<\\\/td>\\n<\/p>\n<td valign=\\\"top\\\">\\n<\/p>\n<p>LINARES (Ja\\u00e9n)<\\\/p>\\n<\\\/td>\\n<\/p>\n<td valign=\\\"top\\\">\\n<\/p>\n<p>18\\\/08\\\/2025<\\\/p>\\n<\\\/td>\\n<\/p>\n<td valign=\\\"top\\\">\\n<\/p>\n<p>21\\\/08\\\/2025<\\\/p>\\n<\\\/td>\\n<\\\/tr>\\n<\/p>\n<tr>\\n<\/p>\n<td valign=\\\"top\\\">\\n<\/p>\n<p><b>CE INDIVIDUAL JUVENIL (SUB-18)<\\\/b><b><\\\/b><\\\/p>\\n<\\\/td>\\n<\/p>\n<td valign=\\\"top\\\">\\n<\/p>\n<p>\\u00daBEDA (Ja\\u00e9n)<\\\/p>\\n<\\\/td>\\n<\/p>\n<td valign=\\\"top\\\">\\n<\/p>\n<p>23\\\/08\\\/2025<\\\/p>\\n<\\\/td>\\n<\/p>\n<td valign=\\\"top\\\">\\n<\/p>\n<p>28\\\/08\\\/2025<\\\/p>\\n<\\\/td>\\n<\\\/tr>\\n<\/p>\n<tr>\\n<\/p>\n<td valign=\\\"top\\\">\\n<\/p>\n<p><b>CE TRAMOS ELO -1700 -2000 &#8211; 2300<\\\/b><b><\\\/b><\\\/p>\\n<\\\/td>\\n<\/p>\n<td valign=\\\"top\\\">\\n<\/p>\n<p>HOZNAYO (Cantabria)<\\\/p>\\n<\\\/td>\\n<\/p>\n<td valign=\\\"top\\\">\\n<\/p>\n<p>05\\\/09\\\/2025<\\\/p>\\n<\\\/td>\\n<\/p>\n<td valign=\\\"top\\\">\\n<\/p>\n<p>11\\\/09\\\/2025<\\\/p>\\n<\\\/td>\\n<\\\/tr>\\n<\/p>\n<tr>\\n<\/p>\n<td valign=\\\"top\\\">\\n<\/p>\n<p><b>CONCENTRACI\\u00d3N ELITE SUB-14 A SUB-18<\\\/b><b><\\\/b><\\\/p>\\n<\\\/td>\\n<\/p>\n<td valign=\\\"top\\\">\\n<\/p>\n<p>LINARES (Ja\\u00e9n)<\\\/p>\\n<\\\/td>\\n<\/p>\n<td valign=\\\"top\\\">\\n<\/p>\n<p>12\\\/09\\\/2025<\\\/p>\\n<\\\/td>\\n<\/p>\n<td valign=\\\"top\\\">\\n<\/p>\n<p>15\\\/09\\\/2025<\\\/p>\\n<\\\/td>\\n<\\\/tr>\\n<\/p>\n<tr>\\n<\/p>\n<td valign=\\\"top\\\">\\n<\/p>\n<p><b>CE EQUIPOS R\\u00c1PIDO<\\\/b><b><\\\/b><\\\/p>\\n<\\\/td>\\n<\/p>\n<td valign=\\\"top\\\">\\n<\/p>\n<p>ZAFRA (Badajoz)<\\\/p>\\n<\\\/td>\\n<\/p>\n<td valign=\\\"top\\\">\\n<\/p>\n<p>20\\\/09\\\/2025<\\\/p>\\n<\\\/td>\\n<\/p>\n<td valign=\\\"top\\\">\\n<\/p>\n<p>20\\\/09\\\/2025<\\\/p>\\n<\\\/td>\\n<\\\/tr>\\n<\/p>\n<tr>\\n<\/p>\n<td valign=\\\"top\\\">\\n<\/p>\n<p><b>CE INDIVIDUAL AJEDREZ INCLUSIVO<\\\/b><b><\\\/b><\\\/p>\\n<\\\/td>\\n<\/p>\n<td valign=\\\"top\\\">\\n<\/p>\n<p>MONZ\\u00d3N (Huesca)<\\\/p>\\n<\\\/td>\\n<\/p>\n<td valign=\\\"top\\\">\\n<\/p>\n<p>26\\\/09\\\/2025<\\\/p>\\n<\\\/td>\\n<\/p>\n<td valign=\\\"top\\\">\\n<\/p>\n<p>28\\\/09\\\/2025<\\\/p>\\n<\\\/td>\\n<\\\/tr>\\n<\/p>\n<tr>\\n<\/p>\n<td valign=\\\"top\\\">\\n<\/p>\n<p><b>CE INDIVIDUAL VETERANOS 50+ Y 65+<\\\/b><b><\\\/b><\\\/p>\\n<\\\/td>\\n<\/p>\n<td valign=\\\"top\\\">\\n<\/p>\n<p>CAMBRILS (Tarragona)<\\\/p>\\n<\\\/td>\\n<\/p>\n<td valign=\\\"top\\\">\\n<\/p>\n<p>08\\\/11\\\/2025<\\\/p>\\n<\\\/td>\\n<\/p>\n<td valign=\\\"top\\\">\\n<\/p>\n<p>16\\\/11\\\/2025<\\\/p>\\n<\\\/td>\\n<\\\/tr>\\n<\/p>\n<tr>\\n<\/p>\n<td valign=\\\"top\\\">\\n<\/p>\n<p><b>CE PAREJAS MIXTAS REL\\u00c1MPAGO<\\\/b><b><\\\/b><\\\/p>\\n<\\\/td>\\n<\/p>\n<td valign=\\\"top\\\">\\n<\/p>\n<p>BENIDORM (Alicante)<\\\/p>\\n<\\\/td>\\n<\/p>\n<td valign=\\\"top\\\">\\n<\/p>\n<p>05\\\/12\\\/2025<\\\/p>\\n<\\\/td>\\n<\/p>\n<td valign=\\\"top\\\">\\n<\/p>\n<p>05\\\/12\\\/2025<\\\/p>\\n<\\\/td>\\n<\\\/tr>\\n<\/p>\n<tr>\\n<\/p>\n<td valign=\\\"top\\\">\\n<\/p>\n<p><b>CE INDIVIDUAL ABSOLUTO<\\\/b><b><\\\/b><\\\/p>\\n<\\\/td>\\n<\/p>\n<td valign=\\\"top\\\">\\n<\/p>\n<p>MARBELLA (M\\u00e1laga)<\\\/p>\\n<\\\/td>\\n<\/p>\n<td valign=\\\"top\\\">\\n<\/p>\n<p>11\\\/12\\\/2025<\\\/p>\\n<\\\/td>\\n<\/p>\n<td valign=\\\"top\\\">\\n<\/p>\n<p>19\\\/12\\\/2025<\\\/p>\\n<\\\/td>\\n<\\\/tr>\\n<\/p>\n<tr>\\n<\/p>\n<td valign=\\\"top\\\">\\n<\/p>\n<p><b>ASAMBLEA GENERAL EXTRAORDINARIA<\\\/b><b><\\\/b><\\\/p>\\n<\\\/td>\\n<\/p>\n<td valign=\\\"top\\\">\\n<\/p>\n<p>ONLINE<\\\/p>\\n<\\\/td>\\n<\/p>\n<td valign=\\\"top\\\">\\n<\/p>\n<p>21\\\/12\\\/2025<\\\/p>\\n<\\\/td>\\n<\/p>\n<td valign=\\\"top\\\">\\n<\/p>\n<p>21\\\/12\\\/2025<\\\/p>\\n<\\\/td>\\n<\\\/tr>\\n<\/p>\n<tr>\\n<\/p>\n<td valign=\\\"top\\\">\\n<\/p>\n<p><b>CE PAREJAS MIXTAS R\\u00c1PIDO<\\\/b><b><\\\/b><\\\/p>\\n<\\\/td>\\n<\/p>\n<td valign=\\\"top\\\">\\n<\/p>\n<p>SITGES (Barcelona)<\\\/p>\\n<\\\/td>\\n<\/p>\n<td valign=\\\"top\\\">\\n<\/p>\n<p>A determinar<\\\/p>\\n<\\\/td>\\n<\/p>\n<td valign=\\\"top\\\">\\n<\/p>\n<p>A determinar<\\\/p>\\n<\\\/td>\\n<\\\/tr>\\n<\\\/tbody>\\n<\\\/table>\\n<\/p>\n<p>Notas:<span class=\\\"Apple-converted-space\\\">\\u00a0<\\\/span><\\\/p>\\n<\/p>\n<p>Las fechas indican los d\\u00edas de juego<\\\/p>\\n<\/p>\n<p>Las fechas son las previstas el d\\u00eda de la publicaci\\u00f3n del Calendario. Ser\\u00e1n oficiales solamente cuando se publique la convocatoria.<\\\/p>\\n<\/p>\n<p>EL Calendario se actualizar\\u00e1 peri\\u00f3dicamente en la p\\u00e1gina Web de la FEDA, sin publicaci\\u00f3n de circulares posteriores.<span><\\\/span><\\\/p>\\n<\/p>\n<table class=\\\"tabla_calendario\\\" cellspacing=\\\"0\\\" cellpadding=\\\"0\\\">\\n<\/p>\n<tbody>\\n<\/p>\n<tr>\\n<\/p>\n<td colspan=\\\"4\\\" valign=\\\"top\\\">\\n<\/p>\n<p><b>INTERNACIONAL<\\\/b><b><\\\/b><\\\/p>\\n<\\\/td>\\n<\\\/tr>\\n<\/p>\n<tr>\\n<\/p>\n<td valign=\\\"top\\\">\\n<\/p>\n<p><b>DESCRIPCI\\u00d3N<\\\/b><b><\\\/b><\\\/p>\\n<\\\/td>\\n<\/p>\n<td valign=\\\"top\\\">\\n<\/p>\n<p><b>LUGAR<\\\/b><b><\\\/b><\\\/p>\\n<\\\/td>\\n<\/p>\n<td valign=\\\"top\\\">\\n<\/p>\n<p><b>INICIO<\\\/b><b><\\\/b><\\\/p>\\n<\\\/td>\\n<\/p>\n<td valign=\\\"top\\\">\\n<\/p>\n<p><b>FINAL<\\\/b><b><\\\/b><\\\/p>\\n<\\\/td>\\n<\\\/tr>\\n<\/p>\n<tr>\\n<\/p>\n<td valign=\\\"top\\\">\\n<\/p>\n<p><b>EUR INDIVIDUAL R\\u00c1P Y REL\\u00c1MP FEMENINO<\\\/b><b><\\\/b><\\\/p>\\n<\\\/td>\\n<\/p>\n<td valign=\\\"top\\\">\\n<\/p>\n<p>M\\u00d3NACO<\\\/p>\\n<\\\/td>\\n<\/p>\n<td valign=\\\"top\\\">\\n<\/p>\n<p>09\\\/01\\\/2025<\\\/p>\\n<\\\/td>\\n<\/p>\n<td valign=\\\"top\\\">\\n<\/p>\n<p>13\\\/01\\\/2025<\\\/p>\\n<\\\/td>\\n<\\\/tr>\\n<\/p>\n<tr>\\n<\/p>\n<td valign=\\\"top\\\">\\n<\/p>\n<p><b>MUN FIDE GRAND PRIX FEMENINO<\\\/b><b><\\\/b><\\\/p>\\n<\\\/td>\\n<\/p>\n<td valign=\\\"top\\\">\\n<\/p>\n<p>M\\u00d3NACO<\\\/p>\\n<\\\/td>\\n<\/p>\n<td valign=\\\"top\\\">\\n<\/p>\n<p>17\\\/02\\\/2025<\\\/p>\\n<\\\/td>\\n<\/p>\n<td valign=\\\"top\\\">\\n<\/p>\n<p>28\\\/02\\\/2025<\\\/p>\\n<\\\/td>\\n<\\\/tr>\\n<\/p>\n<tr>\\n<\/p>\n<td valign=\\\"top\\\">\\n<\/p>\n<p><b>EUR INDIVIDUAL ABSOLUTO<\\\/b><b><\\\/b><\\\/p>\\n<\\\/td>\\n<\/p>\n<td valign=\\\"top\\\">\\n<\/p>\n<p>EFORIE-NORD (Ruman\\u00eda)<\\\/p>\\n<\\\/td>\\n<\/p>\n<td valign=\\\"top\\\">\\n<\/p>\n<p>14\\\/03\\\/2025<\\\/p>\\n<\\\/td>\\n<\/p>\n<td valign=\\\"top\\\">\\n<\/p>\n<p>27\\\/03\\\/2025<\\\/p>\\n<\\\/td>\\n<\\\/tr>\\n<\/p>\n<tr>\\n<\/p>\n<td valign=\\\"top\\\">\\n<\/p>\n<p><b>MUN FIDE GRAND PRIX FEMENINO<\\\/b><b><\\\/b><\\\/p>\\n<\\\/td>\\n<\/p>\n<td valign=\\\"top\\\">\\n<\/p>\n<p>INDIA<\\\/p>\\n<\\\/td>\\n<\/p>\n<td valign=\\\"top\\\">\\n<\/p>\n<p>13\\\/04\\\/2025<\\\/p>\\n<\\\/td>\\n<\/p>\n<td valign=\\\"top\\\">\\n<\/p>\n<p>24\\\/04\\\/2025<\\\/p>\\n<\\\/td>\\n<\\\/tr>\\n<\/p>\n<tr>\\n<\/p>\n<td valign=\\\"top\\\">\\n<\/p>\n<p><b>MUN INDIVIDUAL ESCOLAR<\\\/b><b><\\\/b><\\\/p>\\n<\\\/td>\\n<\/p>\n<td valign=\\\"top\\\">\\n<\/p>\n<p>VRNJACKA BANJA (Serbia)<\\\/p>\\n<\\\/td>\\n<\/p>\n<td valign=\\\"top\\\">\\n<\/p>\n<p>19\\\/03\\\/2025<\\\/p>\\n<\\\/td>\\n<\/p>\n<td valign=\\\"top\\\">\\n<\/p>\n<p>29\\\/03\\\/2025<\\\/p>\\n<\\\/td>\\n<\\\/tr>\\n<\/p>\n<tr>\\n<\/p>\n<td valign=\\\"top\\\">\\n<\/p>\n<p><b>EUR INDIVIDUAL FEMENINO<\\\/b><b><\\\/b><\\\/p>\\n<\\\/td>\\n<\/p>\n<td valign=\\\"top\\\">\\n<\/p>\n<p>RODAS (Grecia)<\\\/p>\\n<\\\/td>\\n<\/p>\n<td valign=\\\"top\\\">\\n<\/p>\n<p>30\\\/03\\\/2025<\\\/p>\\n<\\\/td>\\n<\/p>\n<td valign=\\\"top\\\">\\n<\/p>\n<p>12\\\/04\\\/2025<\\\/p>\\n<\\\/td>\\n<\\\/tr>\\n<\/p>\n<tr>\\n<\/p>\n<td valign=\\\"top\\\">\\n<\/p>\n<p><b>MUN INDIVIDUAL R\\u00c1P Y REL\\u00c1MP SUB-8 A SUB-18<\\\/b><b><\\\/b><\\\/p>\\n<\\\/td>\\n<\/p>\n<td valign=\\\"top\\\">\\n<\/p>\n<p>RODAS (Grecia)<\\\/p>\\n<\\\/td>\\n<\/p>\n<td valign=\\\"top\\\">\\n<\/p>\n<p>12\\\/04\\\/2025<\\\/p>\\n<\\\/td>\\n<\/p>\n<td valign=\\\"top\\\">\\n<\/p>\n<p>18\\\/04\\\/2025<\\\/p>\\n<\\\/td>\\n<\\\/tr>\\n<\/p>\n<tr>\\n<\/p>\n<td valign=\\\"top\\\">\\n<\/p>\n<p><b>MUN COPA DEL MUNDO INDIV SUB-12<\\\/b><b><\\\/b><\\\/p>\\n<\\\/td>\\n<\/p>\n<td valign=\\\"top\\\">\\n<\/p>\n<p>BATUMI (Georgia)<\\\/p>\\n<\\\/td>\\n<\/p>\n<td valign=\\\"top\\\">\\n<\/p>\n<p>22\\\/06\\\/2025<\\\/p>\\n<\\\/td>\\n<\/p>\n<td valign=\\\"top\\\">\\n<\/p>\n<p>03\\\/07\\\/2025<\\\/p>\\n<\\\/td>\\n<\\\/tr>\\n<\/p>\n<tr>\\n<\/p>\n<td valign=\\\"top\\\">\\n<\/p>\n<p><b>MUN COPA DEL MUNDO INDVIDUAL FEMENINA<\\\/b><b><\\\/b><\\\/p>\\n<\\\/td>\\n<\/p>\n<td valign=\\\"top\\\">\\n<\/p>\n<p>BATUMI (Georgia)<\\\/p>\\n<\\\/td>\\n<\/p>\n<td valign=\\\"top\\\">\\n<\/p>\n<p>05\\\/07\\\/2025<\\\/p>\\n<\\\/td>\\n<\/p>\n<td valign=\\\"top\\\">\\n<\/p>\n<p>29\\\/07\\\/2025<\\\/p>\\n<\\\/td>\\n<\\\/tr>\\n<\/p>\n<tr>\\n<\/p>\n<td valign=\\\"top\\\">\\n<\/p>\n<p><b>EUR INDIVIDUAL R\\u00c1PIDO Y REL\\u00c1M SUB-8 A SUB-18<\\\/b><b><\\\/b><\\\/p>\\n<\\\/td>\\n<\/p>\n<td valign=\\\"top\\\">\\n<\/p>\n<p>TESAL\\u00d3NICA (Grecia)<\\\/p>\\n<\\\/td>\\n<\/p>\n<td valign=\\\"top\\\">\\n<\/p>\n<p>03\\\/08\\\/2025<\\\/p>\\n<\\\/td>\\n<\/p>\n<td valign=\\\"top\\\">\\n<\/p>\n<p>08\\\/08\\\/2025<\\\/p>\\n<\\\/td>\\n<\\\/tr>\\n<\/p>\n<tr>\\n<\/p>\n<td valign=\\\"top\\\">\\n<\/p>\n<p><b>MUN GRAN SUIZO FIDE INDIVIDUAL ABSOLUTO<\\\/b><b><\\\/b><\\\/p>\\n<\\\/td>\\n<\/p>\n<td valign=\\\"top\\\">\\n<\/p>\n<p>SAMARKANDA (Uzbekist\\u00e1n)<\\\/p>\\n<\\\/td>\\n<\/p>\n<td valign=\\\"top\\\">\\n<\/p>\n<p>03\\\/09\\\/2025<\\\/p>\\n<\\\/td>\\n<\/p>\n<td valign=\\\"top\\\">\\n<\/p>\n<p>15\\\/09\\\/2025<\\\/p>\\n<\\\/td>\\n<\\\/tr>\\n<\/p>\n<tr>\\n<\/p>\n<td valign=\\\"top\\\">\\n<\/p>\n<p><b>MUN GRAN SUIZO FIDE INDIVIDUAL FEMENINO<\\\/b><b><\\\/b><\\\/p>\\n<\\\/td>\\n<\/p>\n<td valign=\\\"top\\\">\\n<\/p>\n<p>SAMARKANDA (Uzbekist\\u00e1n)<\\\/p>\\n<\\\/td>\\n<\/p>\n<td valign=\\\"top\\\">\\n<\/p>\n<p>03\\\/09\\\/2025<\\\/p>\\n<\\\/td>\\n<\/p>\n<td valign=\\\"top\\\">\\n<\/p>\n<p>15\\\/09\\\/2025<\\\/p>\\n<\\\/td>\\n<\\\/tr>\\n<\/p>\n<tr>\\n<\/p>\n<td valign=\\\"top\\\">\\n<\/p>\n<p><b>EUR INDIVIDUAL VETERANOS<\\\/b><b><\\\/b><\\\/p>\\n<\\\/td>\\n<\/p>\n<td valign=\\\"top\\\">\\n<\/p>\n<p>POREC (Croacia)<\\\/p>\\n<\\\/td>\\n<\/p>\n<td valign=\\\"top\\\">\\n<\/p>\n<p>25\\\/09\\\/2025<\\\/p>\\n<\\\/td>\\n<\/p>\n<td valign=\\\"top\\\">\\n<\/p>\n<p>05\\\/10\\\/2025<\\\/p>\\n<\\\/td>\\n<\\\/tr>\\n<\/p>\n<tr>\\n<\/p>\n<td valign=\\\"top\\\">\\n<\/p>\n<p><b>MUN INDIVIDUAL SUB-14 A SUB-18<\\\/b><b><\\\/b><\\\/p>\\n<\\\/td>\\n<\/p>\n<td valign=\\\"top\\\">\\n<\/p>\n<p>DURRES (Albania)<\\\/p>\\n<\\\/td>\\n<\/p>\n<td valign=\\\"top\\\">\\n<\/p>\n<p>30\\\/09\\\/2025<\\\/p>\\n<\\\/td>\\n<\/p>\n<td valign=\\\"top\\\">\\n<\/p>\n<p>13\\\/10\\\/2025<\\\/p>\\n<\\\/td>\\n<\\\/tr>\\n<\/p>\n<tr>\\n<\/p>\n<td valign=\\\"top\\\">\\n<\/p>\n<p><b>EUR SELECCIONES ABSOLUTAS<\\\/b><b><\\\/b><\\\/p>\\n<\\\/td>\\n<\/p>\n<td valign=\\\"top\\\">\\n<\/p>\n<p>BATUMI Georgia)<\\\/p>\\n<\\\/td>\\n<\/p>\n<td valign=\\\"top\\\">\\n<\/p>\n<p>04\\\/10\\\/2025<\\\/p>\\n<\\\/td>\\n<\/p>\n<td valign=\\\"top\\\">\\n<\/p>\n<p>15\\\/10\\\/2025<\\\/p>\\n<\\\/td>\\n<\\\/tr>\\n<\/p>\n<tr>\\n<\/p>\n<td valign=\\\"top\\\">\\n<\/p>\n<p><b>EUR SELECCIONES FEMENINAS<\\\/b><b><\\\/b><\\\/p>\\n<\\\/td>\\n<\/p>\n<td valign=\\\"top\\\">\\n<\/p>\n<p>BATUMI (Georgia)<\\\/p>\\n<\\\/td>\\n<\/p>\n<td valign=\\\"top\\\">\\n<\/p>\n<p>04\\\/10\\\/2025<\\\/p>\\n<\\\/td>\\n<\/p>\n<td valign=\\\"top\\\">\\n<\/p>\n<p>15\\\/10\\\/2025<\\\/p>\\n<\\\/td>\\n<\\\/tr>\\n<\/p>\n<tr>\\n<\/p>\n<td valign=\\\"top\\\">\\n<\/p>\n<p><b>EUR COPA DE EUROPA DE CLUBS<\\\/b><b><\\\/b><\\\/p>\\n<\\\/td>\\n<\/p>\n<td valign=\\\"top\\\">\\n<\/p>\n<p>RODAS (Grecia)<\\\/p>\\n<\\\/td>\\n<\/p>\n<td valign=\\\"top\\\">\\n<\/p>\n<p>18\\\/10\\\/2025<\\\/p>\\n<\\\/td>\\n<\/p>\n<td valign=\\\"top\\\">\\n<\/p>\n<p>26\\\/10\\\/2025<\\\/p>\\n<\\\/td>\\n<\\\/tr>\\n<\/p>\n<tr>\\n<\/p>\n<td valign=\\\"top\\\">\\n<\/p>\n<p><b>MUN INDIVIDUAL VETERANOS<\\\/b><b><\\\/b><\\\/p>\\n<\\\/td>\\n<\/p>\n<td valign=\\\"top\\\">\\n<\/p>\n<p>GALIPOLI (Italia)<\\\/p>\\n<\\\/td>\\n<\/p>\n<td valign=\\\"top\\\">\\n<\/p>\n<p>20\\\/10\\\/2025<\\\/p>\\n<\\\/td>\\n<\/p>\n<td valign=\\\"top\\\">\\n<\/p>\n<p>02\\\/11\\\/2025<\\\/p>\\n<\\\/td>\\n<\\\/tr>\\n<\/p>\n<tr>\\n<\/p>\n<td valign=\\\"top\\\">\\n<\/p>\n<p><b>EUR INDIVIDUAL SUB-8 A SUB-18<\\\/b><b><\\\/b><\\\/p>\\n<\\\/td>\\n<\/p>\n<td valign=\\\"top\\\">\\n<\/p>\n<p>BUDVA (Montenegro)<\\\/p>\\n<\\\/td>\\n<\/p>\n<td valign=\\\"top\\\">\\n<\/p>\n<p>28\\\/10\\\/2025<\\\/p>\\n<\\\/td>\\n<\/p>\n<td valign=\\\"top\\\">\\n<\/p>\n<p>08\\\/11\\\/2025<\\\/p>\\n<\\\/td>\\n<\\\/tr>\\n<\/p>\n<tr>\\n<\/p>\n<td valign=\\\"top\\\">\\n<\/p>\n<p><b>MUN INDIVIDUAL AMATEUR 2300-2000-1700<\\\/b><b><\\\/b><\\\/p>\\n<\\\/td>\\n<\/p>\n<td valign=\\\"top\\\">\\n<\/p>\n<p>VRNJACKA BANJA (Serbia)<\\\/p>\\n<\\\/td>\\n<\/p>\n<td valign=\\\"top\\\">\\n<\/p>\n<p>04\\\/11\\\/2025<\\\/p>\\n<\\\/td>\\n<\/p>\n<td valign=\\\"top\\\">\\n<\/p>\n<p>14\\\/11\\\/2025<\\\/p>\\n<\\\/td>\\n<\\\/tr>\\n<\/p>\n<tr>\\n<\/p>\n<td valign=\\\"top\\\">\\n<\/p>\n<p><b>MUN INDIVIDUAL SUB-8 A SUB-12<\\\/b><b><\\\/b><\\\/p>\\n<\\\/td>\\n<\/p>\n<td valign=\\\"top\\\">\\n<\/p>\n<p>A determinar<\\\/p>\\n<\\\/td>\\n<\/p>\n<td valign=\\\"top\\\">\\n<\/p>\n<p>2025 Nov<\\\/p>\\n<\\\/td>\\n<\/p>\n<td valign=\\\"top\\\">\\n<\/p>\n<p>2025 Nov<\\\/p>\\n<\\\/td>\\n<\\\/tr>\\n<\/p>\n<tr>\\n<\/p>\n<td valign=\\\"top\\\">\\n<\/p>\n<p><b>IBEROAMERICANO INDIVIDUAL R\\u00c1PIDO<\\\/b><b><\\\/b><\\\/p>\\n<\\\/td>\\n<\/p>\n<td valign=\\\"top\\\">\\n<\/p>\n<p>SANT BOI (Barcelona)<\\\/p>\\n<\\\/td>\\n<\/p>\n<td valign=\\\"top\\\">\\n<\/p>\n<p>29\\\/11\\\/2025<\\\/p>\\n<\\\/td>\\n<\/p>\n<td valign=\\\"top\\\">\\n<\/p>\n<p>30\\\/11\\\/2025<\\\/p>\\n<\\\/td>\\n<\\\/tr>\\n<\/p>\n<tr>\\n<\/p>\n<td valign=\\\"top\\\">\\n<\/p>\n<p><b>EUR INDIVIDUAL R\\u00c1P Y REL\\u00c1MP ABSOL Y FEM<\\\/b><b><\\\/b><\\\/p>\\n<\\\/td>\\n<\/p>\n<td valign=\\\"top\\\">\\n<\/p>\n<p>Pristina (Kosovo)<\\\/p>\\n<\\\/td>\\n<\/p>\n<td valign=\\\"top\\\">\\n<\/p>\n<p>28\\\/11\\\/2025<\\\/p>\\n<\\\/td>\\n<\/p>\n<td valign=\\\"top\\\">\\n<\/p>\n<p>30\\\/11\\\/2025<\\\/p>\\n<\\\/td>\\n<\\\/tr>\\n<\/p>\n<tr>\\n<\/p>\n<td valign=\\\"top\\\">\\n<\/p>\n<p><b>MUN INDIVIDUAL R\\u00c1P Y RELAMP ABSOLUTO<\\\/b><b><\\\/b><\\\/p>\\n<\\\/td>\\n<\/p>\n<td valign=\\\"top\\\">\\n<\/p>\n<p>DOHA (Qatar)<\\\/p>\\n<\\\/td>\\n<\/p>\n<td valign=\\\"top\\\">\\n<\/p>\n<p>25\\\/12\\\/2025<\\\/p>\\n<\\\/td>\\n<\/p>\n<td valign=\\\"top\\\">\\n<\/p>\n<p>31\\\/12\\\/2025<\\\/p>\\n<\\\/td>\\n<\\\/tr>\\n<\/p>\n<tr>\\n<\/p>\n<td valign=\\\"top\\\">\\n<\/p>\n<p><b>MUN INDIVIDUAL R\\u00c1P Y REL\\u00c1MP FEMENINO<\\\/b><b><\\\/b><\\\/p>\\n<\\\/td>\\n<\/p>\n<td valign=\\\"top\\\">\\n<\/p>\n<p>DOHA (Qatar)<\\\/p>\\n<\\\/td>\\n<\/p>\n<td valign=\\\"top\\\">\\n<\/p>\n<p>25\\\/12\\\/2025<\\\/p>\\n<\\\/td>\\n<\/p>\n<td valign=\\\"top\\\">\\n<\/p>\n<p>31\\\/12\\\/2025<\\\/p>\\n<\\\/td>\\n<\\\/tr>\\n<\/p>\n<tr>\\n<\/p>\n<td valign=\\\"top\\\">\\n<\/p>\n<p><b>IBEROAMERICANO INDIVIDUAL ABSOLUTO<\\\/b><b><\\\/b><\\\/p>\\n<\\\/td>\\n<\/p>\n<td valign=\\\"top\\\">\\n<\/p>\n<p>M\\u00c9XICO<\\\/p>\\n<\\\/td>\\n<\/p>\n<td valign=\\\"top\\\">\\n<\/p>\n<p>A determinar<span class=\\\"Apple-converted-space\\\">\\u00a0<\\\/span><\\\/p>\\n<\\\/td>\\n<\/p>\n<td valign=\\\"top\\\">\\n<\/p>\n<p>A determinar<span class=\\\"Apple-converted-space\\\">\\u00a0<\\\/span><\\\/p>\\n<\\\/td>\\n<\\\/tr>\\n<\/p>\n<tr>\\n<\/p>\n<td valign=\\\"top\\\">\\n<\/p>\n<p><b>MEDITERR\\u00c1NEO INDIVIDUAL ABSOLUTO<\\\/b><b><\\\/b><\\\/p>\\n<\\\/td>\\n<\/p>\n<td valign=\\\"top\\\">\\n<\/p>\n<p>A determinar<\\\/p>\\n<\\\/td>\\n<\/p>\n<td valign=\\\"top\\\">\\n<\/p>\n<p>A determinar<span class=\\\"Apple-converted-space\\\">\\u00a0<\\\/span><\\\/p>\\n<\\\/td>\\n<\/p>\n<td valign=\\\"top\\\">\\n<\/p>\n<p>A determinar<span class=\\\"Apple-converted-space\\\">\\u00a0<\\\/span><\\\/p>\\n<\\\/td>\\n<\\\/tr>\\n<\\\/tbody>\\n<\\\/table>\\n<\/p>\n<p>Notas:<span class=\\\"Apple-converted-space\\\">\\u00a0<\\\/span><\\\/p>\\n<\/p>\n<p>Las fechas indican los d\\u00edas de llegada y regreso.<\\\/p>\\n<\/p>\n<p>Las fechas son las previstas el d\\u00eda de la publicaci\\u00f3n del Calendario. Ser\\u00e1n oficiales solamente cuando las Federaciones Internacionales publiquen la convocatoria.<\\\/p>\\n<\/p>\n<p>El Calendario se actualizar\\u00e1 peri\\u00f3dicamente en la p\\u00e1gina Web de la FEDA, sin publicaci\\u00f3n de circulares posteriores.<\\\/p>\u00ab,\u00bbtitle\u00bb:\u00bb 2025&#8243;}}]}]}]}]}],\u00bbversion\u00bb:\u00bb4.4.7&#8243;} &#8211;><\/p>\n","protected":false},"excerpt":{"rendered":"<p>2026 Calendario FEDA 2026 Aprobado por la Asamblea General 31-01-2026 ESTATAL DESCRIPCI\u00d3N LUGAR INICIO FINAL ASAMBLEA GENERAL EXTRAORDINARIA ONLINE 31\/01\/2026 31\/01\/2026 CURSO Y EXAMEN \u00c1RBITROS FEDA ONLINE\/PRESENCIAL 02\/03\/2026 18\/04\/2026 SEMINARIO ARBITRAL FEDA VALLADOLID (CTL) 10\/04\/2026 12\/04\/2026 CTO ESPA\u00d1A CENTROS ESCOLARES GUARDAMAR DEL SEGURA (VAL) 24\/04\/2026 26\/04\/2026 ASAMBLEA GENERAL ORDINARIA MADRID \/ ONLINE 28\/06\/2026 28\/06\/2026 CESA [&hellip;]<\/p>\n","protected":false},"author":1,"featured_media":0,"parent":0,"menu_order":0,"comment_status":"closed","ping_status":"closed","template":"","meta":{"footnotes":""},"class_list":["post-25566","page","type-page","status-publish","hentry"],"yoast_head":"<!-- This site is optimized with the Yoast SEO plugin v27.5 - https:\/\/yoast.com\/product\/yoast-seo-wordpress\/ -->\n<title>Calendario FEDA 2025 - FEDA<\/title>\n<meta name=\"robots\" content=\"index, follow, max-snippet:-1, max-image-preview:large, max-video-preview:-1\" \/>\n<link rel=\"canonical\" href=\"https:\/\/feda.org\/feda2k16\/calendario-feda-2025\/\" \/>\n<meta property=\"og:locale\" content=\"es_ES\" \/>\n<meta property=\"og:type\" content=\"article\" \/>\n<meta property=\"og:title\" content=\"Calendario FEDA 2025 - FEDA\" \/>\n<meta property=\"og:description\" content=\"2026 Calendario FEDA 2026 Aprobado por la Asamblea General 31-01-2026 ESTATAL DESCRIPCI\u00d3N LUGAR INICIO FINAL ASAMBLEA GENERAL EXTRAORDINARIA ONLINE 31\/01\/2026 31\/01\/2026 CURSO Y EXAMEN \u00c1RBITROS FEDA ONLINE\/PRESENCIAL 02\/03\/2026 18\/04\/2026 SEMINARIO ARBITRAL FEDA VALLADOLID (CTL) 10\/04\/2026 12\/04\/2026 CTO ESPA\u00d1A CENTROS ESCOLARES GUARDAMAR DEL SEGURA (VAL) 24\/04\/2026 26\/04\/2026 ASAMBLEA GENERAL ORDINARIA MADRID \/ ONLINE 28\/06\/2026 28\/06\/2026 CESA [&hellip;]\" \/>\n<meta property=\"og:url\" content=\"https:\/\/feda.org\/feda2k16\/calendario-feda-2025\/\" \/>\n<meta property=\"og:site_name\" content=\"FEDA\" \/>\n<meta property=\"article:publisher\" content=\"https:\/\/www.facebook.com\/federacionespanoladeajedrez\/\" \/>\n<meta property=\"article:modified_time\" content=\"2026-02-02T10:31:27+00:00\" \/>\n<meta name=\"twitter:card\" content=\"summary_large_image\" \/>\n<meta name=\"twitter:site\" content=\"@AjedrezEspanola\" \/>\n<meta name=\"twitter:label1\" content=\"Tiempo de lectura\" \/>\n\t<meta name=\"twitter:data1\" content=\"15 minutos\" \/>\n<script type=\"application\/ld+json\" class=\"yoast-schema-graph\">{\"@context\":\"https:\\\/\\\/schema.org\",\"@graph\":[{\"@type\":\"WebPage\",\"@id\":\"https:\\\/\\\/feda.org\\\/feda2k16\\\/calendario-feda-2025\\\/\",\"url\":\"https:\\\/\\\/feda.org\\\/feda2k16\\\/calendario-feda-2025\\\/\",\"name\":\"Calendario FEDA 2025 - FEDA\",\"isPartOf\":{\"@id\":\"https:\\\/\\\/feda.org\\\/feda2k16\\\/#website\"},\"datePublished\":\"2025-03-06T10:45:43+00:00\",\"dateModified\":\"2026-02-02T10:31:27+00:00\",\"breadcrumb\":{\"@id\":\"https:\\\/\\\/feda.org\\\/feda2k16\\\/calendario-feda-2025\\\/#breadcrumb\"},\"inLanguage\":\"es\",\"potentialAction\":[{\"@type\":\"ReadAction\",\"target\":[\"https:\\\/\\\/feda.org\\\/feda2k16\\\/calendario-feda-2025\\\/\"]}]},{\"@type\":\"BreadcrumbList\",\"@id\":\"https:\\\/\\\/feda.org\\\/feda2k16\\\/calendario-feda-2025\\\/#breadcrumb\",\"itemListElement\":[{\"@type\":\"ListItem\",\"position\":1,\"name\":\"Portada\",\"item\":\"https:\\\/\\\/feda.org\\\/feda2k16\\\/\"},{\"@type\":\"ListItem\",\"position\":2,\"name\":\"Calendario FEDA 2025\"}]},{\"@type\":\"WebSite\",\"@id\":\"https:\\\/\\\/feda.org\\\/feda2k16\\\/#website\",\"url\":\"https:\\\/\\\/feda.org\\\/feda2k16\\\/\",\"name\":\"FEDA\",\"description\":\"Federaci\u00f3n Espa\u00f1ola de Ajedrez\",\"publisher\":{\"@id\":\"https:\\\/\\\/feda.org\\\/feda2k16\\\/#organization\"},\"alternateName\":\"Federaci\u00f3n Espa\u00f1ola de Ajedrez\",\"potentialAction\":[{\"@type\":\"SearchAction\",\"target\":{\"@type\":\"EntryPoint\",\"urlTemplate\":\"https:\\\/\\\/feda.org\\\/feda2k16\\\/?s={search_term_string}\"},\"query-input\":{\"@type\":\"PropertyValueSpecification\",\"valueRequired\":true,\"valueName\":\"search_term_string\"}}],\"inLanguage\":\"es\"},{\"@type\":\"Organization\",\"@id\":\"https:\\\/\\\/feda.org\\\/feda2k16\\\/#organization\",\"name\":\"FEDA\",\"alternateName\":\"Federaci\u00f3n Espa\u00f1ola de Ajedrez\",\"url\":\"https:\\\/\\\/feda.org\\\/feda2k16\\\/\",\"logo\":{\"@type\":\"ImageObject\",\"inLanguage\":\"es\",\"@id\":\"https:\\\/\\\/feda.org\\\/feda2k16\\\/#\\\/schema\\\/logo\\\/image\\\/\",\"url\":\"https:\\\/\\\/feda.org\\\/feda2k16\\\/wp-content\\\/uploads\\\/NuevoLogo_FEDA_2016.png\",\"contentUrl\":\"https:\\\/\\\/feda.org\\\/feda2k16\\\/wp-content\\\/uploads\\\/NuevoLogo_FEDA_2016.png\",\"width\":600,\"height\":600,\"caption\":\"FEDA\"},\"image\":{\"@id\":\"https:\\\/\\\/feda.org\\\/feda2k16\\\/#\\\/schema\\\/logo\\\/image\\\/\"},\"sameAs\":[\"https:\\\/\\\/www.facebook.com\\\/federacionespanoladeajedrez\\\/\",\"https:\\\/\\\/x.com\\\/AjedrezEspanola\",\"https:\\\/\\\/www.instagram.com\\\/federacionespanolaajedrez\\\/?hl=es\",\"https:\\\/\\\/www.youtube.com\\\/@FederacionEspanoladeAjedrezFED\\\/featured\"]}]}<\/script>\n<!-- \/ Yoast SEO plugin. -->","yoast_head_json":{"title":"Calendario FEDA 2025 - FEDA","robots":{"index":"index","follow":"follow","max-snippet":"max-snippet:-1","max-image-preview":"max-image-preview:large","max-video-preview":"max-video-preview:-1"},"canonical":"https:\/\/feda.org\/feda2k16\/calendario-feda-2025\/","og_locale":"es_ES","og_type":"article","og_title":"Calendario FEDA 2025 - FEDA","og_description":"2026 Calendario FEDA 2026 Aprobado por la Asamblea General 31-01-2026 ESTATAL DESCRIPCI\u00d3N LUGAR INICIO FINAL ASAMBLEA GENERAL EXTRAORDINARIA ONLINE 31\/01\/2026 31\/01\/2026 CURSO Y EXAMEN \u00c1RBITROS FEDA ONLINE\/PRESENCIAL 02\/03\/2026 18\/04\/2026 SEMINARIO ARBITRAL FEDA VALLADOLID (CTL) 10\/04\/2026 12\/04\/2026 CTO ESPA\u00d1A CENTROS ESCOLARES GUARDAMAR DEL SEGURA (VAL) 24\/04\/2026 26\/04\/2026 ASAMBLEA GENERAL ORDINARIA MADRID \/ ONLINE 28\/06\/2026 28\/06\/2026 CESA [&hellip;]","og_url":"https:\/\/feda.org\/feda2k16\/calendario-feda-2025\/","og_site_name":"FEDA","article_publisher":"https:\/\/www.facebook.com\/federacionespanoladeajedrez\/","article_modified_time":"2026-02-02T10:31:27+00:00","twitter_card":"summary_large_image","twitter_site":"@AjedrezEspanola","twitter_misc":{"Tiempo de lectura":"15 minutos"},"schema":{"@context":"https:\/\/schema.org","@graph":[{"@type":"WebPage","@id":"https:\/\/feda.org\/feda2k16\/calendario-feda-2025\/","url":"https:\/\/feda.org\/feda2k16\/calendario-feda-2025\/","name":"Calendario FEDA 2025 - FEDA","isPartOf":{"@id":"https:\/\/feda.org\/feda2k16\/#website"},"datePublished":"2025-03-06T10:45:43+00:00","dateModified":"2026-02-02T10:31:27+00:00","breadcrumb":{"@id":"https:\/\/feda.org\/feda2k16\/calendario-feda-2025\/#breadcrumb"},"inLanguage":"es","potentialAction":[{"@type":"ReadAction","target":["https:\/\/feda.org\/feda2k16\/calendario-feda-2025\/"]}]},{"@type":"BreadcrumbList","@id":"https:\/\/feda.org\/feda2k16\/calendario-feda-2025\/#breadcrumb","itemListElement":[{"@type":"ListItem","position":1,"name":"Portada","item":"https:\/\/feda.org\/feda2k16\/"},{"@type":"ListItem","position":2,"name":"Calendario FEDA 2025"}]},{"@type":"WebSite","@id":"https:\/\/feda.org\/feda2k16\/#website","url":"https:\/\/feda.org\/feda2k16\/","name":"FEDA","description":"Federaci\u00f3n Espa\u00f1ola de Ajedrez","publisher":{"@id":"https:\/\/feda.org\/feda2k16\/#organization"},"alternateName":"Federaci\u00f3n Espa\u00f1ola de Ajedrez","potentialAction":[{"@type":"SearchAction","target":{"@type":"EntryPoint","urlTemplate":"https:\/\/feda.org\/feda2k16\/?s={search_term_string}"},"query-input":{"@type":"PropertyValueSpecification","valueRequired":true,"valueName":"search_term_string"}}],"inLanguage":"es"},{"@type":"Organization","@id":"https:\/\/feda.org\/feda2k16\/#organization","name":"FEDA","alternateName":"Federaci\u00f3n Espa\u00f1ola de Ajedrez","url":"https:\/\/feda.org\/feda2k16\/","logo":{"@type":"ImageObject","inLanguage":"es","@id":"https:\/\/feda.org\/feda2k16\/#\/schema\/logo\/image\/","url":"https:\/\/feda.org\/feda2k16\/wp-content\/uploads\/NuevoLogo_FEDA_2016.png","contentUrl":"https:\/\/feda.org\/feda2k16\/wp-content\/uploads\/NuevoLogo_FEDA_2016.png","width":600,"height":600,"caption":"FEDA"},"image":{"@id":"https:\/\/feda.org\/feda2k16\/#\/schema\/logo\/image\/"},"sameAs":["https:\/\/www.facebook.com\/federacionespanoladeajedrez\/","https:\/\/x.com\/AjedrezEspanola","https:\/\/www.instagram.com\/federacionespanolaajedrez\/?hl=es","https:\/\/www.youtube.com\/@FederacionEspanoladeAjedrezFED\/featured"]}]}},"_links":{"self":[{"href":"https:\/\/feda.org\/feda2k16\/wp-json\/wp\/v2\/pages\/25566","targetHints":{"allow":["GET"]}}],"collection":[{"href":"https:\/\/feda.org\/feda2k16\/wp-json\/wp\/v2\/pages"}],"about":[{"href":"https:\/\/feda.org\/feda2k16\/wp-json\/wp\/v2\/types\/page"}],"author":[{"embeddable":true,"href":"https:\/\/feda.org\/feda2k16\/wp-json\/wp\/v2\/users\/1"}],"replies":[{"embeddable":true,"href":"https:\/\/feda.org\/feda2k16\/wp-json\/wp\/v2\/comments?post=25566"}],"version-history":[{"count":20,"href":"https:\/\/feda.org\/feda2k16\/wp-json\/wp\/v2\/pages\/25566\/revisions"}],"predecessor-version":[{"id":27692,"href":"https:\/\/feda.org\/feda2k16\/wp-json\/wp\/v2\/pages\/25566\/revisions\/27692"}],"wp:attachment":[{"href":"https:\/\/feda.org\/feda2k16\/wp-json\/wp\/v2\/media?parent=25566"}],"curies":[{"name":"wp","href":"https:\/\/api.w.org\/{rel}","templated":true}]}}