{"id":27819,"date":"2026-02-10T13:46:33","date_gmt":"2026-02-10T13:46:33","guid":{"rendered":"https:\/\/feda.org\/feda2k16\/?page_id=27819"},"modified":"2026-08-16T23:49:45","modified_gmt":"2026-08-16T23:49:45","slug":"campeonatos-nacionales-2026","status":"publish","type":"page","link":"https:\/\/feda.org\/feda2k16\/campeonatos-nacionales-2026\/","title":{"rendered":"Campeonatos Nacionales 2026"},"content":{"rendered":"\n<p><a href=\"https:\/\/feda.org\/feda2k16\/jaime-santos-y-karen-zapata-campeones-de-espana-rapido-2026\/\">Campeonato de Espa\u00f1a de Ajedrez R\u00e1pido<\/a><\/p>\n\n\n\n<p><a href=\"https:\/\/feda.org\/feda2k16\/jaime-santos-y-anna-matnadze-campeones-de-ajedrez-relampago-2026\/\">Campeonato de Espa\u00f1a de Ajedrez Rel\u00e1mpago\u00a0<\/a><\/p>\n\n\n\n<p><a href=\"https:\/\/feda.org\/feda2k16\/ciudad-de-huelva-lopez-rodriguez-abogados-campeon-del-ceclub-segunda-division-sur\/\">Campeonato de Espa\u00f1a de Club Segunda Divisi\u00f3n Sur.<\/a><\/p>\n<p><a href=\"https:\/\/feda.org\/feda2k16\/el-silla-integrant-col%c2%b7lectius-b-campeon-del-ceclub-segunda-division-norte\/\">Campeonato de Espa\u00f1a de Club Segunda Divisi\u00f3n Norte.<\/a><\/p>\n\n\n\n<p><a href=\"https:\/\/feda.org\/feda2k16\/campeones-de-espana-de-ajedrez-rapido-2026-en-torre-pacheco-murcia\/\">Campeonato de Espa\u00f1a de Ajedrez R\u00e1pido Sub 08 &#8211; Sub 18.<\/a><\/p>\n\n\n\n<p><a href=\"https:\/\/feda.org\/feda2k16\/jaime-rey-y-marta-elena-jimenez-campeones-de-espana-sub-16\/\">Campeonato de Espa\u00f1a de J\u00f3venes &#8211; Categor\u00eda Sub 16<\/a><\/p>\n\n\n\n\n\n<p><a href=\"https:\/\/feda.org\/feda2k16\/alvaro-torres-y-agnes-nunez-de-arenas-campeones-de-espana-sub-14\/\">Campeonato de Espa\u00f1a de J\u00f3venes &#8211; Categor\u00eda Sub 14<\/a><\/p>\n\n\n\n<p><a href=\"https:\/\/feda.org\/feda2k16\/hugo-perez-y-lola-fernandez-campeones-de-espana-sub-12\/\">Campeonato de Espa\u00f1a de J\u00f3venes &#8211; Categor\u00eda Sub 12.<\/a><\/p>\n\n\n\n\n\n<p><a href=\"https:\/\/feda.org\/feda2k16\/marc-barcelo-y-mar-minguez-campeones-de-espana-sub-10\/\">Campeonato de Espa\u00f1a de J\u00f3venes &#8211; Categor\u00eda Sub 10.<\/a><\/p>\n<p><a href=\"https:\/\/feda.org\/feda2k16\/enzo-millan-y-camino-juan-miguel-campeones-de-espana-sub-08\/\">Campeonato de Espa\u00f1a de J\u00f3venes &#8211; Categor\u00eda Sub 08.<\/a><\/p>\n<p><a href=\"https:\/\/feda.org\/feda2k16\/kastola-san-fermin-sub-12-y-el-altillo-internacional-school-sub-18-campeones-de-espana-de-ajedrez-escolar-2026\/\">XI Campeonato de Espa\u00f1a Escolar por Equipos 2026.<\/a><\/p>\n\n\n\n\n\n<h3 class=\"uk-margin-remove\">\u00a0<\/h3>\n\n\n\n\n\n\n","protected":false},"excerpt":{"rendered":"<p>Campeonato de Espa\u00f1a de Ajedrez R\u00e1pido Campeonato de Espa\u00f1a de Ajedrez Rel\u00e1mpago\u00a0 Campeonato de Espa\u00f1a de Club Segunda Divisi\u00f3n Sur. Campeonato de Espa\u00f1a de Club Segunda Divisi\u00f3n Norte. Campeonato de Espa\u00f1a de Ajedrez R\u00e1pido Sub 08 &#8211; Sub 18. Campeonato de Espa\u00f1a de J\u00f3venes &#8211; Categor\u00eda Sub 16 Campeonato de Espa\u00f1a de J\u00f3venes &#8211; Categor\u00eda [&hellip;]<\/p>\n","protected":false},"author":5,"featured_media":0,"parent":0,"menu_order":0,"comment_status":"closed","ping_status":"closed","template":"","meta":{"footnotes":""},"class_list":["post-27819","page","type-page","status-publish","hentry"],"yoast_head":"<!-- This site is optimized with the Yoast SEO plugin v28.4 - https:\/\/yoast.com\/product\/yoast-seo-wordpress\/ -->\n<title>Campeonatos Nacionales 2026 - FEDA<\/title>\n<meta name=\"robots\" content=\"index, follow, max-snippet:-1, max-image-preview:large, max-video-preview:-1\" \/>\n<link rel=\"canonical\" href=\"https:\/\/feda.org\/feda2k16\/campeonatos-nacionales-2026\/\" \/>\n<meta property=\"og:locale\" content=\"es_ES\" \/>\n<meta property=\"og:type\" content=\"article\" \/>\n<meta property=\"og:title\" content=\"Campeonatos Nacionales 2026 - FEDA\" \/>\n<meta property=\"og:description\" content=\"Campeonato de Espa\u00f1a de Ajedrez R\u00e1pido Campeonato de Espa\u00f1a de Ajedrez Rel\u00e1mpago\u00a0 Campeonato de Espa\u00f1a de Club Segunda Divisi\u00f3n Sur. Campeonato de Espa\u00f1a de Club Segunda Divisi\u00f3n Norte. Campeonato de Espa\u00f1a de Ajedrez R\u00e1pido Sub 08 &#8211; Sub 18. Campeonato de Espa\u00f1a de J\u00f3venes &#8211; Categor\u00eda Sub 16 Campeonato de Espa\u00f1a de J\u00f3venes &#8211; Categor\u00eda [&hellip;]\" \/>\n<meta property=\"og:url\" content=\"https:\/\/feda.org\/feda2k16\/campeonatos-nacionales-2026\/\" \/>\n<meta property=\"og:site_name\" content=\"FEDA\" \/>\n<meta property=\"article:publisher\" content=\"https:\/\/www.facebook.com\/federacionespanoladeajedrez\/\" \/>\n<meta property=\"article:modified_time\" content=\"2026-08-16T23:49:45+00:00\" \/>\n<meta name=\"twitter:card\" content=\"summary_large_image\" \/>\n<meta name=\"twitter:site\" content=\"@AjedrezEspanola\" \/>\n<meta name=\"twitter:label1\" content=\"Tiempo de lectura\" \/>\n\t<meta name=\"twitter:data1\" content=\"1 minuto\" \/>\n<script type=\"application\/ld+json\" class=\"yoast-schema-graph\">{\"@context\":\"https:\\\/\\\/schema.org\",\"@graph\":[{\"@type\":\"WebPage\",\"@id\":\"https:\\\/\\\/feda.org\\\/feda2k16\\\/campeonatos-nacionales-2026\\\/\",\"url\":\"https:\\\/\\\/feda.org\\\/feda2k16\\\/campeonatos-nacionales-2026\\\/\",\"name\":\"Campeonatos Nacionales 2026 - FEDA\",\"isPartOf\":{\"@id\":\"https:\\\/\\\/feda.org\\\/feda2k16\\\/#website\"},\"datePublished\":\"2026-02-10T13:46:33+00:00\",\"dateModified\":\"2026-08-16T23:49:45+00:00\",\"breadcrumb\":{\"@id\":\"https:\\\/\\\/feda.org\\\/feda2k16\\\/campeonatos-nacionales-2026\\\/#breadcrumb\"},\"inLanguage\":\"es\",\"potentialAction\":[{\"@type\":\"ReadAction\",\"target\":[\"https:\\\/\\\/feda.org\\\/feda2k16\\\/campeonatos-nacionales-2026\\\/\"]}]},{\"@type\":\"BreadcrumbList\",\"@id\":\"https:\\\/\\\/feda.org\\\/feda2k16\\\/campeonatos-nacionales-2026\\\/#breadcrumb\",\"itemListElement\":[{\"@type\":\"ListItem\",\"position\":1,\"name\":\"Portada\",\"item\":\"https:\\\/\\\/feda.org\\\/feda2k16\\\/\"},{\"@type\":\"ListItem\",\"position\":2,\"name\":\"Campeonatos Nacionales 2026\"}]},{\"@type\":\"WebSite\",\"@id\":\"https:\\\/\\\/feda.org\\\/feda2k16\\\/#website\",\"url\":\"https:\\\/\\\/feda.org\\\/feda2k16\\\/\",\"name\":\"FEDA\",\"description\":\"Federaci\u00f3n Espa\u00f1ola de Ajedrez\",\"publisher\":{\"@id\":\"https:\\\/\\\/feda.org\\\/feda2k16\\\/#organization\"},\"alternateName\":\"Federaci\u00f3n Espa\u00f1ola de Ajedrez\",\"potentialAction\":[{\"@type\":\"SearchAction\",\"target\":{\"@type\":\"EntryPoint\",\"urlTemplate\":\"https:\\\/\\\/feda.org\\\/feda2k16\\\/?s={search_term_string}\"},\"query-input\":{\"@type\":\"PropertyValueSpecification\",\"valueRequired\":true,\"valueName\":\"search_term_string\"}}],\"inLanguage\":\"es\"},{\"@type\":\"Organization\",\"@id\":\"https:\\\/\\\/feda.org\\\/feda2k16\\\/#organization\",\"name\":\"FEDA\",\"alternateName\":\"Federaci\u00f3n Espa\u00f1ola de Ajedrez\",\"url\":\"https:\\\/\\\/feda.org\\\/feda2k16\\\/\",\"logo\":{\"@type\":\"ImageObject\",\"inLanguage\":\"es\",\"@id\":\"https:\\\/\\\/feda.org\\\/feda2k16\\\/#\\\/schema\\\/logo\\\/image\\\/\",\"url\":\"https:\\\/\\\/feda.org\\\/feda2k16\\\/wp-content\\\/uploads\\\/NuevoLogo_FEDA_2016.png\",\"contentUrl\":\"https:\\\/\\\/feda.org\\\/feda2k16\\\/wp-content\\\/uploads\\\/NuevoLogo_FEDA_2016.png\",\"width\":600,\"height\":600,\"caption\":\"FEDA\"},\"image\":{\"@id\":\"https:\\\/\\\/feda.org\\\/feda2k16\\\/#\\\/schema\\\/logo\\\/image\\\/\"},\"sameAs\":[\"https:\\\/\\\/www.facebook.com\\\/federacionespanoladeajedrez\\\/\",\"https:\\\/\\\/x.com\\\/AjedrezEspanola\",\"https:\\\/\\\/www.instagram.com\\\/federacionespanolaajedrez\\\/?hl=es\",\"https:\\\/\\\/www.youtube.com\\\/@FederacionEspanoladeAjedrezFED\\\/featured\"]}]}<\/script>\n<!-- \/ Yoast SEO plugin. -->","yoast_head_json":{"title":"Campeonatos Nacionales 2026 - FEDA","robots":{"index":"index","follow":"follow","max-snippet":"max-snippet:-1","max-image-preview":"max-image-preview:large","max-video-preview":"max-video-preview:-1"},"canonical":"https:\/\/feda.org\/feda2k16\/campeonatos-nacionales-2026\/","og_locale":"es_ES","og_type":"article","og_title":"Campeonatos Nacionales 2026 - FEDA","og_description":"Campeonato de Espa\u00f1a de Ajedrez R\u00e1pido Campeonato de Espa\u00f1a de Ajedrez Rel\u00e1mpago\u00a0 Campeonato de Espa\u00f1a de Club Segunda Divisi\u00f3n Sur. Campeonato de Espa\u00f1a de Club Segunda Divisi\u00f3n Norte. Campeonato de Espa\u00f1a de Ajedrez R\u00e1pido Sub 08 &#8211; Sub 18. Campeonato de Espa\u00f1a de J\u00f3venes &#8211; Categor\u00eda Sub 16 Campeonato de Espa\u00f1a de J\u00f3venes &#8211; Categor\u00eda [&hellip;]","og_url":"https:\/\/feda.org\/feda2k16\/campeonatos-nacionales-2026\/","og_site_name":"FEDA","article_publisher":"https:\/\/www.facebook.com\/federacionespanoladeajedrez\/","article_modified_time":"2026-08-16T23:49:45+00:00","twitter_card":"summary_large_image","twitter_site":"@AjedrezEspanola","twitter_misc":{"Tiempo de lectura":"1 minuto"},"schema":{"@context":"https:\/\/schema.org","@graph":[{"@type":"WebPage","@id":"https:\/\/feda.org\/feda2k16\/campeonatos-nacionales-2026\/","url":"https:\/\/feda.org\/feda2k16\/campeonatos-nacionales-2026\/","name":"Campeonatos Nacionales 2026 - FEDA","isPartOf":{"@id":"https:\/\/feda.org\/feda2k16\/#website"},"datePublished":"2026-02-10T13:46:33+00:00","dateModified":"2026-08-16T23:49:45+00:00","breadcrumb":{"@id":"https:\/\/feda.org\/feda2k16\/campeonatos-nacionales-2026\/#breadcrumb"},"inLanguage":"es","potentialAction":[{"@type":"ReadAction","target":["https:\/\/feda.org\/feda2k16\/campeonatos-nacionales-2026\/"]}]},{"@type":"BreadcrumbList","@id":"https:\/\/feda.org\/feda2k16\/campeonatos-nacionales-2026\/#breadcrumb","itemListElement":[{"@type":"ListItem","position":1,"name":"Portada","item":"https:\/\/feda.org\/feda2k16\/"},{"@type":"ListItem","position":2,"name":"Campeonatos Nacionales 2026"}]},{"@type":"WebSite","@id":"https:\/\/feda.org\/feda2k16\/#website","url":"https:\/\/feda.org\/feda2k16\/","name":"FEDA","description":"Federaci\u00f3n Espa\u00f1ola de Ajedrez","publisher":{"@id":"https:\/\/feda.org\/feda2k16\/#organization"},"alternateName":"Federaci\u00f3n Espa\u00f1ola de Ajedrez","potentialAction":[{"@type":"SearchAction","target":{"@type":"EntryPoint","urlTemplate":"https:\/\/feda.org\/feda2k16\/?s={search_term_string}"},"query-input":{"@type":"PropertyValueSpecification","valueRequired":true,"valueName":"search_term_string"}}],"inLanguage":"es"},{"@type":"Organization","@id":"https:\/\/feda.org\/feda2k16\/#organization","name":"FEDA","alternateName":"Federaci\u00f3n Espa\u00f1ola de Ajedrez","url":"https:\/\/feda.org\/feda2k16\/","logo":{"@type":"ImageObject","inLanguage":"es","@id":"https:\/\/feda.org\/feda2k16\/#\/schema\/logo\/image\/","url":"https:\/\/feda.org\/feda2k16\/wp-content\/uploads\/NuevoLogo_FEDA_2016.png","contentUrl":"https:\/\/feda.org\/feda2k16\/wp-content\/uploads\/NuevoLogo_FEDA_2016.png","width":600,"height":600,"caption":"FEDA"},"image":{"@id":"https:\/\/feda.org\/feda2k16\/#\/schema\/logo\/image\/"},"sameAs":["https:\/\/www.facebook.com\/federacionespanoladeajedrez\/","https:\/\/x.com\/AjedrezEspanola","https:\/\/www.instagram.com\/federacionespanolaajedrez\/?hl=es","https:\/\/www.youtube.com\/@FederacionEspanoladeAjedrezFED\/featured"]}]}},"_links":{"self":[{"href":"https:\/\/feda.org\/feda2k16\/wp-json\/wp\/v2\/pages\/27819","targetHints":{"allow":["GET"]}}],"collection":[{"href":"https:\/\/feda.org\/feda2k16\/wp-json\/wp\/v2\/pages"}],"about":[{"href":"https:\/\/feda.org\/feda2k16\/wp-json\/wp\/v2\/types\/page"}],"author":[{"embeddable":true,"href":"https:\/\/feda.org\/feda2k16\/wp-json\/wp\/v2\/users\/5"}],"replies":[{"embeddable":true,"href":"https:\/\/feda.org\/feda2k16\/wp-json\/wp\/v2\/comments?post=27819"}],"version-history":[{"count":12,"href":"https:\/\/feda.org\/feda2k16\/wp-json\/wp\/v2\/pages\/27819\/revisions"}],"predecessor-version":[{"id":28838,"href":"https:\/\/feda.org\/feda2k16\/wp-json\/wp\/v2\/pages\/27819\/revisions\/28838"}],"wp:attachment":[{"href":"https:\/\/feda.org\/feda2k16\/wp-json\/wp\/v2\/media?parent=27819"}],"curies":[{"name":"wp","href":"https:\/\/api.w.org\/{rel}","templated":true}]}}